{"id":42824,"date":"2023-01-17T12:13:16","date_gmt":"2023-01-17T10:13:16","guid":{"rendered":"https:\/\/www.fnm.um.si\/?page_id=42824"},"modified":"2026-04-16T10:47:46","modified_gmt":"2026-04-16T08:47:46","slug":"domov-studij-ksz","status":"publish","type":"page","link":"https:\/\/www.fnm.um.si\/index.php\/domov-studij-ksz\/","title":{"rendered":"Domov-\u0160tudij-K\u0160Z"},"content":{"rendered":"<p>[et_pb_section fb_built=&#8221;1&#8243; fullwidth=&#8221;on&#8221; disabled_on=&#8221;off|off|off&#8221; module_class=&#8221;section_ustvarjamo_poklice_prihodnosti&#8221; _builder_version=&#8221;4.16&#8243; _module_preset=&#8221;default&#8221; background_color=&#8221;#006a8e&#8221; custom_css_main_element=&#8221;padding-bottom: 0px !important;||&#8221; global_colors_info=&#8221;{}&#8221;][et_pb_fullwidth_code disabled_on=&#8221;off|off|off&#8221; _builder_version=&#8221;4.16&#8243; _module_preset=&#8221;default&#8221; custom_css_main_element=&#8221;padding-bottom: 0px !important;||&#8221; global_colors_info=&#8221;{}&#8221;]<\/p>\n<div class=\"et_pb_row et_pb_row_0\" style=\"background: #006a8e;\"><!-- [et_pb_line_break_holder] --><\/p>\n<div class=\"et_pb_column et_pb_column_4_4 et_pb_column_0 et_pb_css_mix_blend_mode_passthrough et-last-child\" style=\"display: flex; justify-content: center;\"><!-- [et_pb_line_break_holder] --><\/p>\n<div class=\"et_pb_module et_pb_text et_pb_text_0 et_pb_text_align_left et_pb_bg_layout_light\" style=\"display: flex; justify-content: center; align-content: center;\"><!-- [et_pb_line_break_holder] --><\/p>\n<div class=\"et_pb_text_inner ustvarjamo-poklice-prihodnosti-text-container\"><!-- [et_pb_line_break_holder] --> <span class=\"ustvarjamo-poklice-prihodnosti-text\"><!-- [et_pb_line_break_holder] -->Komisija za \u0161tudijske zadeve<!-- [et_pb_line_break_holder] --> <\/span><!-- [et_pb_line_break_holder] --><\/div>\n<p><!-- [et_pb_line_break_holder] --><\/div>\n<p><!-- [et_pb_line_break_holder] --><\/div>\n<p><!-- [et_pb_line_break_holder] --><\/div>\n<p><!-- [et_pb_line_break_holder] --><!-- [et_pb_line_break_holder] --><!-- [et_pb_line_break_holder] --><!-- [et_pb_line_break_holder] --><!-- [et_pb_line_break_holder] --><!-- [et_pb_line_break_holder] --><!-- [et_pb_line_break_holder] -->[\/et_pb_fullwidth_code][\/et_pb_section][et_pb_section fb_built=&#8221;1&#8243; disabled_on=&#8221;off|off|off&#8221; module_class=&#8221;section-hero&#8221; _builder_version=&#8221;4.16&#8243; _module_preset=&#8221;default&#8221; background_color=&#8221;#ffffff&#8221; locked=&#8221;off&#8221; global_colors_info=&#8221;{}&#8221;][et_pb_row admin_label=&#8221;Row&#8221; _builder_version=&#8221;4.16&#8243; _module_preset=&#8221;default&#8221; custom_css_main_element=&#8221;padding-top: 0px !important;||padding-bottom: 0px !important;&#8221; global_colors_info=&#8221;{}&#8221;][et_pb_column type=&#8221;4_4&#8243; _builder_version=&#8221;4.16&#8243; _module_preset=&#8221;default&#8221; global_colors_info=&#8221;{}&#8221;][et_pb_post_slider posts_number=&#8221;5&#8243; include_categories=&#8221;28&#8243; more_text=&#8221;Preberite ve\u010d&#8230;&#8221; use_manual_excerpt=&#8221;off&#8221; excerpt_length=&#8221;97&#8243; show_meta=&#8221;off&#8221; bg_overlay_color=&#8221;rgba(0,106,142,0.73)&#8221; arrows_custom_color=&#8221;#ffffff&#8221; dot_nav_custom_color=&#8221;#ffffff&#8221; disabled_on=&#8221;on|on|on&#8221; _builder_version=&#8221;4.16&#8243; _module_preset=&#8221;default&#8221; header_text_align=&#8221;center&#8221; header_text_color=&#8221;#ffffff&#8221; background_color=&#8221;#ffffff&#8221; module_alignment=&#8221;center&#8221; height=&#8221;500px&#8221; auto=&#8221;on&#8221; auto_speed=&#8221;8000&#8243; border_radii_image=&#8221;on|6px|6px|6px|6px&#8221; box_shadow_style_image=&#8221;preset2&#8243; disabled=&#8221;on&#8221; global_colors_info=&#8221;{}&#8221;][\/et_pb_post_slider][\/et_pb_column][\/et_pb_row][\/et_pb_section][et_pb_section fb_built=&#8221;1&#8243; disabled_on=&#8221;off|off|off&#8221; _builder_version=&#8221;4.16&#8243; _module_preset=&#8221;default&#8221; global_colors_info=&#8221;{}&#8221;][et_pb_row column_structure=&#8221;1_5,3_5,1_5&#8243; _builder_version=&#8221;4.16&#8243; _module_preset=&#8221;default&#8221; custom_css_main_element=&#8221;padding-bottom: 0px !important;||padding-top: 0px !important;&#8221; global_colors_info=&#8221;{}&#8221;][et_pb_column type=&#8221;1_5&#8243; _builder_version=&#8221;4.16&#8243; _module_preset=&#8221;default&#8221; global_colors_info=&#8221;{}&#8221;][et_pb_text admin_label=&#8221;Kontakti &#8211; \u0161tudij&#8221; _builder_version=&#8221;4.27.4&#8243; _module_preset=&#8221;default&#8221; global_module=&#8221;42807&#8243; saved_tabs=&#8221;all&#8221; locked=&#8221;off&#8221; global_colors_info=&#8221;{}&#8221;]<\/p>\n<p style=\"text-align: justify;\"><span style=\"font-size: 10pt;\"><strong>Kontakti:<\/strong><\/span><\/p>\n<p style=\"text-align: justify;\"><span style=\"font-size: 10pt;\"><strong>Prodekan<br \/>za \u0161tudijsko dejavnost:<\/strong><\/span><br \/><span style=\"font-size: 10pt;\">Marko Jakovac<\/span><br \/><span style=\"font-size: 10pt;\"> prodekan.fnm-izo@um.si<\/span><br \/><span style=\"font-size: 10pt;\"> 02 22 93 876<\/span><\/p>\n<p style=\"text-align: left;\"><span style=\"font-size: 10pt;\"><strong>Referat za \u0161tudentske zadeve<\/strong><\/span><br \/><span style=\"font-size: 10pt;\"> referat.fnm@um.si<\/span><\/p>\n<p><span style=\"font-size: 10pt;\">Vodja:<br \/>Cecilija Lopari\u010d Hercog<\/span><br \/><span style=\"font-size: 10pt;\"> cecilija.loparic@um.si<\/span><br \/><span style=\"font-size: 10pt;\"> 02 2293 879<\/span><\/p>\n<p><span style=\"font-size: 10pt;\">Aleksandra Cingerli<\/span><br \/><span style=\"font-size: 10pt;\"> aleksandra.cingerli@um.si<\/span><br \/><span style=\"font-size: 10pt;\"> 02 2293 779<\/span><\/p>\n<p><span style=\"font-size: 10pt;\">Nina Tratnik<\/span><br \/><span style=\"font-size: 10pt;\"> nina.tratnik1@um.si<\/span><br \/><span style=\"font-size: 10pt;\"> 02 2293 729<\/span><\/p>\n<p><span style=\"font-size: 10pt;\">Uradne ure<\/span><br \/><span style=\"font-size: 10pt;\"> &#8211; v prostoru referata \u0161tev. 0\/40<\/span><br \/><span style=\"font-size: 10pt;\"> &#8211; vsak delovni dan med 9. in 11. uro.<\/span><\/p>\n<p><span style=\"font-size: 10pt;\"><strong>Center za vse\u017eivljenjsko u\u010denje in Doktorski \u0161tudij<\/strong><\/span><br \/><span style=\"font-size: 10pt;\"> cvu.fnm@um.si<\/span><br \/><span style=\"font-size: 10pt;\"> doktorski.fnm@um.si<\/span><\/p>\n<p><span style=\"font-size: 10pt;\">Tamara Korade<\/span><br \/><span style=\"font-size: 10pt;\"> tamara.korade@um.si<\/span><br \/><span style=\"font-size: 10pt;\"> 02 2293 880<\/span><\/p>\n<p>[\/et_pb_text][\/et_pb_column][et_pb_column type=&#8221;3_5&#8243; _builder_version=&#8221;4.16&#8243; _module_preset=&#8221;default&#8221; global_colors_info=&#8221;{}&#8221;][et_pb_text disabled_on=&#8221;off|off|&#8221; admin_label=&#8221;Komisija za \u0161tudijske zadeve&#8221; _builder_version=&#8221;4.27.4&#8243; global_colors_info=&#8221;{}&#8221;]<\/p>\n<p><span style=\"font-size: 14pt;\"><strong>Komisija za \u0161tudijske zadeve<\/strong><\/span><\/p>\n<ul>\n<li><span style=\"font-size: 12pt;\">Marko Jakovac, predsednik,<\/span><\/li>\n<li><span style=\"font-size: 12pt;\">doc. dr. Kosta Dolenc,<\/span><\/li>\n<li><span style=\"font-size: 12pt;\">doc. dr. Mateja Gra\u0161i\u010d,<\/span><\/li>\n<li><span style=\"font-size: 12pt;\">izr. prof. dr. Tina Klenov\u0161ek,<\/span><\/li>\n<li><span style=\"font-size: 12pt;\">red. prof. dr. Nata\u0161a Vaupoti\u010d,<\/span><\/li>\n<li><span style=\"font-size: 12pt;\">Isidora Veli\u010dkovi\u0107, \u0161tudentka,<\/span><\/li>\n<li><span style=\"font-size: 12pt;\">Tja\u0161a Karas, \u0161tudentka.<\/span><\/li>\n<\/ul>\n<p><span style=\"font-size: 12pt;\">Komisija je imenovana za dobo \u0161tirih let, tj. do 25. 11. 2026. Mandat \u0161tudentov traja leto dni tj. do 2. 12. 2026.<\/span><br \/><span style=\"font-size: 12pt;\"> Komisijo vodi prodekan za \u0161tudijsko dejavnost, ki ima mandat do 31. 12. 2028.<\/span><\/p>\n<p><span style=\"font-size: 12pt;\"><span lang=\"SL-SI\" xml:lang=\"SL-SI\" data-contrast=\"none\">Statut UM (skladno s 317. \u010dlenom)<\/span>\u00a0<\/span><br \/><span style=\"font-size: 12pt;\"> Komisija za \u0161tudijske zadeve ima sedem \u010dlanov in jo sestavljajo: prodekan za izobra\u017eevalno dejavnost, \u0161tirje \u010dlani, ki jih imenuje Senat fakultete izmed visoko\u0161olskih u\u010diteljev oziroma znanstvenih delavcev ter dva \u0161tudenta. Mandatna doba \u010dlanov komisij traja \u0161tiri leta, mandat \u010dlanov iz vrst \u0161tudentov pa eno leto. \u010clani komisij so lahko po preteku te dobe ponovno imenovani.<\/span><\/p>\n<p><span style=\"font-size: 12pt;\">Komisija za \u0161tudijske zadeve Fakultete za naravoslovje in matematiko Univerze v Mariboru obravnava \u0161tudijske programe in izpitni re\u017eim in druga vpra\u0161anja s podro\u010dja visoko\u0161olskega izobra\u017eevanja in daje Senatu Fakultete za naravoslovje in matematiko Univerze v Mariboru predloge in mnenja. Poleg navedenega Komisija za \u0161tudijske zadeve Fakultete za naravoslovje in matematiko Univerze v Mariboru obravnava in odlo\u010da o pro\u0161njah v primerih:<\/span><\/p>\n<ul>\n<li><span style=\"font-size: 12pt;\">izjemnega napredovanja v vi\u0161ji letnik<\/span><\/li>\n<li><span style=\"font-size: 12pt;\">ponavljanja letnika<\/span><\/li>\n<li><span style=\"font-size: 12pt;\">hkratnega izobra\u017eevanja po dveh ali ve\u010d \u0161tudijskih programih<\/span><\/li>\n<li><span style=\"font-size: 12pt;\">nadaljevanja \u0161tudija po prekinitvi<\/span><\/li>\n<li><span style=\"font-size: 12pt;\">hitrej\u0161ega napredovanja<\/span><\/li>\n<li><span style=\"font-size: 12pt;\">opravljanja izpitov iz u\u010dnih enot vi\u0161jega letnika<\/span><\/li>\n<li><span style=\"font-size: 12pt;\">podalj\u0161anjem statusa \u0161tudenta<\/span><\/li>\n<li><span style=\"font-size: 12pt;\">pridobitve statusa invalida<\/span><\/li>\n<li><span style=\"font-size: 12pt;\">pridobitve posebnega statusa \u0161tudenta<\/span><\/li>\n<li><span style=\"font-size: 12pt;\">prehodih iz enega v drug \u0161tudijski program.<\/span><\/li>\n<\/ul>\n<p><span style=\"font-size: 12pt;\">Pro\u0161nje se naslovijo na Komisijo za \u0161tudijske zadeve Fakultete za naravoslovje in matematiko Univerze v Mariboru, Koro\u0161ka cesta 160, 2000 Maribor.<\/span><\/p>\n<p><span style=\"font-size: 12pt;\">\u0160tudenti dvopredmetnih \u0161tudijskih programov, ki jih je izvajala Fakulteta za naravoslovje in matematiko v povezavi s Filozofsko fakulteto oddate pro\u0161njo v referat mati\u010dne fakultete, referat jo posreduje na ustrezno komisijo za \u0161tudijske zadeve.<\/span><\/p>\n<p><span style=\"font-size: 12pt;\">Pro\u0161nje je potrebno oddati na ustreznih, v ta namen pripravljenih obrazcih:\u00a0<\/span><\/p>\n<ul>\n<li data-leveltext=\"\uf0b7\" data-font=\"Symbol\" data-listid=\"3\" aria-setsize=\"-1\" data-aria-posinset=\"3\" data-aria-level=\"1\"><span style=\"font-size: 12pt;\"><a href=\"https:\/\/www.fnm.um.si\/wp-content\/uploads\/2021\/09\/PROSNJA-ZA-KOMISIJO-ZA-STUDIJSKE-ZADEVE-2017.docx\">Univerzalna pro\u0161nja za izjemne odobritve vpisa \u0161tudenta v vi\u0161ji letnik, za ponavljanje letnika, za podalj\u0161anje statusa \u0161tudenta<\/a>\u00a0<\/span><\/li>\n<\/ul>\n<p><span style=\"font-size: 12pt;\"><a href=\"http:\/\/www.fnm.um.si\/wp-content\/uploads\/2010\/09\/Navodila-za-presojo-prosenj-studentov-2017.pdf\" target=\"_blank\" rel=\"noopener\">NAVODILA\u00a0ZA PRESOJO PRO\u0160ENJ \u0160TUDENTOV TER UPRAVI\u010cENIH RAZLOGOV SKLADNO S 85., 121. IN 212. \u010cLENOM STATUTA UM<\/a><\/span><br \/><span style=\"font-size: 12pt;\"> <a href=\"http:\/\/www.fnm.um.si\/wp-content\/uploads\/2010\/09\/Izpis_sklepa_Stalisc_za_presojo_prosenj.pdf\" target=\"_blank\" rel=\"noopener\">Izpis sklepa Stali\u0161\u010d za presojo pro\u0161enj<\/a><\/span><\/p>\n<p>[\/et_pb_text][et_pb_divider _builder_version=&#8221;4.16&#8243; _module_preset=&#8221;default&#8221; global_colors_info=&#8221;{}&#8221;][\/et_pb_divider][et_pb_text disabled_on=&#8221;off|off|&#8221; admin_label=&#8221;Komisija za \u0161tudijske zadeve &#8211; terminski plan sej in zapisniki&#8221; _builder_version=&#8221;4.27.4&#8243; hover_enabled=&#8221;0&#8243; global_colors_info=&#8221;{}&#8221; sticky_enabled=&#8221;0&#8243;]<\/p>\n<p><span style=\"font-size: 14pt;\"><strong>Terminski plan sej K\u0160Z FNM 2025-2026<\/strong><\/span><\/p>\n<p>\u010cetrtek, 23. 10. 2025 ob 11h<br \/>Torek, 25. 11. 2025 ob 11h<br \/>\u010cetrtek, 18. 12. 2025 ob 11h<br \/>\u010cetrtek 29. 1. 2026 ob 11h<br \/>\u010cetrtek, 26. 2. 2026 ob 11h<br \/>Torek, 24. 3. 2026<br \/>Torek, 21. 4. 2026 ob 12h<br \/>Torek, 26. 5. 2026 ob 12h<br \/>\u010cetrtek, 23. 6. 2026<br \/>Torek, 8. 9 .2026<br \/>Torek, 22. 9. 2026<\/p>\n<p><span style=\"font-size: 14pt;\"><strong>Zapisniki:<\/strong><\/span><\/p>\n<p><span style=\"font-size: 12pt;\"><a href=\"https:\/\/www.fnm.um.si\/wp-content\/uploads\/2026\/04\/Zapisnik-30-redne-seje-KSZ-24-3-2026.pdf\">Zapisnik 30. redne seje K\u0160Z FNM<\/a> \u2013 24. 3. 2026<br \/><a href=\"https:\/\/www.fnm.um.si\/wp-content\/uploads\/2026\/03\/Zapisnik-29-redne-seje-KSZ-26-2-2026.pdf\">Zapisnik 29. redne seje K\u0160Z FNM<\/a> \u2013 26. 2. 2026<br \/><a href=\"https:\/\/www.fnm.um.si\/wp-content\/uploads\/2026\/02\/Zapisnik-13-pisne-seje_KSZ-29-1-2026.pdf\">Zapisnik 13. pisne seje K\u0160Z FNM<\/a> \u2013 29. 1. 2026<br \/><a href=\"https:\/\/www.fnm.um.si\/wp-content\/uploads\/2026\/01\/Zapisnik-12-pisne-seje_KSZ-22-12_2025.pdf\">Zapisnik 12. pisne seje K\u0160Z FNM<\/a> \u2013 22. 12. 2025<br \/><a href=\"https:\/\/www.fnm.um.si\/wp-content\/uploads\/2025\/12\/Zapisnik_28-redne-seje-KSZ-28-11-2025.pdf\">Zapisnik 28. redne seje K\u0160Z FNM<\/a> \u2013 25. 11. 2025\u00a0 \u00a0 <a href=\"https:\/\/www.fnm.um.si\/wp-content\/uploads\/2025\/09\/UREDITEV-VPISA-23-9-2025.pdf\">\u00a0<\/a><br \/><a href=\"https:\/\/www.fnm.um.si\/wp-content\/uploads\/2025\/11\/Zapisnik_27_redne_seje_KSZ-23-10-2025.pdf\">Zapisnik 27. redne seje K\u0160Z FNM<\/a> \u2013 23. 10. 2025\u00a0 \u00a0 <a href=\"https:\/\/www.fnm.um.si\/wp-content\/uploads\/2025\/09\/UREDITEV-VPISA-23-9-2025.pdf\">\u00a0<\/a><br \/><a href=\"https:\/\/www.fnm.um.si\/wp-content\/uploads\/2025\/12\/Zapisnik-11-pisne-seje_KSZ-26-10-2025.pdf\">Zapisnik 11. pisne seje K\u0160Z FNM<\/a> \u2013 26. 9. 2025<br \/><a href=\"https:\/\/www.fnm.um.si\/wp-content\/uploads\/2025\/11\/Zapisnik-26-seje-KSZ_23-9-2025.pdf\">Zapisnik 26. redne seje K\u0160Z FNM<\/a> \u2013 23. 9. 2025\u00a0 \u00a0 <a href=\"https:\/\/www.fnm.um.si\/wp-content\/uploads\/2025\/09\/UREDITEV-VPISA-23-9-2025.pdf\">\u00a0<strong>UREDITEV VPISA (klik)<\/strong><\/a><br \/><\/span><span style=\"font-size: 12pt;\"><a href=\"https:\/\/www.fnm.um.si\/wp-content\/uploads\/2025\/09\/Zapisnik_25_redne_seje_KSZ-9-9-2025.pdf\">Zapisnik 25. redne seje K\u0160Z FNM<\/a> \u2013 9. 9. 2025<br \/><a href=\"https:\/\/www.fnm.um.si\/wp-content\/uploads\/2025\/07\/Zapisnik-24_redne_seje_KSZ-24-6-2025.pdf\">Zapisnik 24. redne seje K\u0160Z FNM<\/a> \u2013 24. 6. 2025<br \/><a href=\"https:\/\/www.fnm.um.si\/wp-content\/uploads\/2025\/06\/Zapisnik-10-pisne-seje_KSZ-2-6-2025.pdf\">Zapisnik 10. pisne seje K\u0160Z FNM<\/a> \u2013 2. 6. 2025<br \/><a href=\"https:\/\/www.fnm.um.si\/wp-content\/uploads\/2025\/05\/Zapisnik-23_redne_seje_KSZ-22-5-2025.pdf\">Zapisnik 23. redne seje K\u0160Z FNM<\/a> \u2013 22. 5. 2025<br \/><a href=\"https:\/\/www.fnm.um.si\/wp-content\/uploads\/2025\/05\/Zapisnik-22_redne_seje_KSZ-24-4-2025.pdf\">Zapisnik 22. redne seje K\u0160Z FNM<\/a> \u2013 24. 4. 2025<br \/><a href=\"https:\/\/www.fnm.um.si\/wp-content\/uploads\/2025\/04\/Zapisnik-21-redna-seja-KSZ-25-3-2025-V2.pdf\">Zapisnik 21. redne seje K\u0160Z FNM<\/a> \u2013 25. 3<\/span><span style=\"font-size: 12pt;\">. 2025<br \/><a href=\"https:\/\/www.fnm.um.si\/wp-content\/uploads\/2025\/03\/Zapisnik-9-pisne-seje_KSZ-24-2-2025.pdf\">Zapisnik 9. pisne seje K\u0160Z FNM<\/a> \u2013 24. 2. 2025<br \/><a href=\"https:\/\/www.fnm.um.si\/wp-content\/uploads\/2025\/02\/Zapisnik_20_redne_seje_KSZ_23_1_2025.pdf\">Zapisnik 20. redne seje K\u0160Z FNM<\/a> \u2013 23. 1. 2025<br \/><a href=\"https:\/\/www.fnm.um.si\/wp-content\/uploads\/2025\/01\/Zapisnik_8_pisne_seje_KSZ_17-12-2024.pdf\">Zapisnik 8. pisne seje K\u0160Z FNM<\/a> \u2013 17. 12. 2024<br \/><a href=\"https:\/\/www.fnm.um.si\/wp-content\/uploads\/2024\/12\/Zapisnik_19_redne_seje_KSZ_26_11_2024.pdf\">Zapisnik 19. redne seje K\u0160Z FNM <\/a>\u2013 26. 11. 2024<br \/><a href=\"https:\/\/www.fnm.um.si\/wp-content\/uploads\/2024\/11\/Zapisnik-18-redne-seje-KSZ-22-10-2024.pdf\">Zapisnik 18. redne seje K\u0160Z FNM<\/a> \u2013 22. 10. 2024<br \/><a href=\"https:\/\/www.fnm.um.si\/wp-content\/uploads\/2024\/11\/Zapisnik-17-redne-seje-KSZ-24-9-2024.pdf\">Zapisnik 17. redne seje K\u0160Z FNM<\/a> \u2013 24. 9. 2024<br \/><a href=\"https:\/\/www.fnm.um.si\/wp-content\/uploads\/2024\/09\/Zapisnik_16_redne_seje_KSZ_6-9-2024.pdf\">Zapisnik 16. redne seje K\u0160Z FNM<\/a> \u2013 6. 9. 2024<br \/><a href=\"https:\/\/www.fnm.um.si\/wp-content\/uploads\/2024\/06\/Zapisnik-7_pisne_seje_KSZ-26-6-2024.pdf\">Zapisnik 7. pisne seje K\u0160Z FNM <\/a>\u2013 26. 6. 2024<br \/><a href=\"https:\/\/www.fnm.um.si\/wp-content\/uploads\/2024\/06\/Zapisnik-15-redne-seje-KSZ-FNM-20-6-2024.pdf\">Zapisnik 15. redne seje K\u0160Z FNM<\/a> \u2013 20. 6. 2024<br \/><\/span><span style=\"font-size: 12pt;\"><a href=\"https:\/\/www.fnm.um.si\/wp-content\/uploads\/2024\/05\/Zapisnik-6_pisne_seje_KSZ_29-5-2024.pdf\">Zapisnik 6. pisne seje K\u0160Z FNM<\/a> \u2013 29. 5. 2024<br \/><a href=\"https:\/\/www.fnm.um.si\/wp-content\/uploads\/2024\/05\/Zapisnik-14-redne-seje-KSZ-FNM-24-4-2024v2.pdf\">Zapisnik 14. redne seje K\u0160Z FNM<\/a> &#8211; 24. 4. 2024<br \/><a href=\"https:\/\/www.fnm.um.si\/wp-content\/uploads\/2024\/03\/Zapisnik-5-pisne-seje-KSZ-22-3-2024.pdf\">Zapisnik 5. pisne seje K\u0160Z FNM<\/a> \u2013 22. 3. 2024<br \/><a href=\"https:\/\/www.fnm.um.si\/wp-content\/uploads\/2024\/02\/Zapisnik-13-redne-seje-KSZ_FNM-22-2-2024.pdf\">Zapisnik 13. redne seje K\u0160Z FNM<\/a> &#8211; 22. 2. 2024<br \/><a href=\"https:\/\/www.fnm.um.si\/wp-content\/uploads\/2024\/02\/Zapisnik-12.-redne-seje-KSZ-25_1_2023-_za-objavo.pdf\">Zapisnik 12. redne seje K\u0160Z FNM<\/a> \u2013 25. 1. 2024<br \/><a href=\"https:\/\/www.fnm.um.si\/wp-content\/uploads\/2024\/01\/Zapisnik-11-redne-seje-KSZ-21-12-2023.pdf\">Zapisnik 11. redne seje K\u0160Z FNM<\/a> \u2013 21. 12. 2023<br \/><a href=\"https:\/\/www.fnm.um.si\/wp-content\/uploads\/2023\/12\/Zapisnik-10-redne-seje-KSZ-23-11-2023.pdf\">Zapisnik 10. redne seje K\u0160Z FNM<\/a> \u2013 23. 11. 2023<br \/><a href=\"https:\/\/www.fnm.um.si\/wp-content\/uploads\/2023\/10\/Zapisnik-4-pisne_seje-KSZ-4-10-2023.pdf\">Zapisnik 4. pisne seje K\u0160Z FNM<\/a> \u2013 4. 10. 2023<br \/><a href=\"https:\/\/www.fnm.um.si\/wp-content\/uploads\/2023\/10\/Zapisnik-3_pisne_seje_KSZ-28-9-2023.pdf\">Zapisnik 3. pisne seje K\u0160Z FNM<\/a> \u2013 28. 9. 2023<br \/><a href=\"https:\/\/www.fnm.um.si\/wp-content\/uploads\/2023\/10\/Zapisnik-8-redne-seje-KSZ-22-9-2023.pdf\">Zapisnik 8. redne seje K\u0160Z FNM<\/a> \u2013 21. 9. 2023<br \/><a href=\"https:\/\/www.fnm.um.si\/wp-content\/uploads\/2023\/09\/Zapisnik-7_redne_seje_7_9_2023.pdf\">Zapisnik 7. redne seje K\u0160Z FNM<\/a> \u2013 7. 9. 2023\u00a0 \u00a0 \u00a0 \u00a0 \u00a0<strong><a href=\"https:\/\/www.fnm.um.si\/wp-content\/uploads\/2023\/09\/UREDITEV-VPISA-11-9-2023.pdf\">UREDITEV VPISA (klik)<\/a><\/strong><br \/><a href=\"https:\/\/www.fnm.um.si\/wp-content\/uploads\/2023\/07\/Zapisnik-6-redne-seje-KSZ-FNM-15-6-2023.pdf\">Zapisnik 6. redne seje K\u0160Z FNM<\/a> \u2013 15. 6. 2023<br \/><a href=\"https:\/\/www.fnm.um.si\/wp-content\/uploads\/2023\/07\/Zapisnik-2-pisne-seje-KSZ-FNM-27-6-2023.pdf\">Zapisnik 2. pisne seje K\u0160Z FNM<\/a> \u2013 27. 6. 2023<br \/><a href=\"https:\/\/www.fnm.um.si\/wp-content\/uploads\/2023\/06\/Zapisnik-5-redne-seje-KSZ-31-5-2023.pdf\">Zapisnik 5. redne seje K\u0160Z FNM<\/a> \u2013 31. 5. 2023<br \/><a href=\"https:\/\/www.fnm.um.si\/wp-content\/uploads\/2023\/05\/Zapisnik_1_-izredne_seje_KSZ_-8-5-2023.pdf\">Zapisnik 1. izredne seje K\u0160Z FNM<\/a> \u2013 8. 5. 2023<br \/><a href=\"https:\/\/www.fnm.um.si\/wp-content\/uploads\/2023\/04\/Zapisnik-4-redne-seje-KSZ-28-3-2023.pdf\">Zapisnik 4. redne seje K\u0160Z FNM<\/a> \u2013 28. 3. 2023<br \/><a href=\"https:\/\/www.fnm.um.si\/wp-content\/uploads\/2023\/03\/Zapisnik-3-redne-seje-KSZ-21-2-2023.pdf\">Zapisnik 3. redne seje K\u0160Z FNM<\/a> \u2013 21. 2. 2023<br \/><\/span><span style=\"font-size: 12pt;\"><a href=\"https:\/\/www.fnm.um.si\/wp-content\/uploads\/2023\/02\/Zapisnik_1_pisne_seje_KSZ_26-1-2023.pdf\">Zapisnik 1. pisne seje K\u0160Z FNM<\/a> \u2013 26. 1. 2023<br \/><a href=\"https:\/\/www.fnm.um.si\/wp-content\/uploads\/2023\/02\/Zapisnik_2_-redne_seje_KSZ_-18-1-2023.pdf\">Zapisnik 2. redne seje K\u0160Z FNM<\/a>\u00a0\u2013 18. 1. 2023<br \/><a href=\"https:\/\/www.fnm.um.si\/wp-content\/uploads\/2022\/12\/Zapisnik-konstitutivne-seje-KSZ-7-12-2022.pdf\">Zapisnik konstitutivne seje K\u0160Z FNM\u00a0<\/a>&#8211; 7. 12. 2022<\/span><\/p>\n<hr \/>\n<p><a href=\"https:\/\/www.fnm.um.si\/index.php\/2023\/03\/07\/zapisniki-ksz-2019-2022\/\"><strong><span style=\"font-size: 12pt;\">Zapisniki K\u0160Z 2019 &#8211; 2022<\/span><\/strong><\/a><\/p>\n<p><strong><span style=\"font-size: 12pt;\"><a href=\"https:\/\/www.fnm.um.si\/index.php\/2019\/02\/28\/zapisniki-ksz-2015-2018\/\">Zapisniki K\u0160Z 2015\u00a0&#8211; 2019<\/a><\/span><\/strong><\/p>\n<p><strong><span style=\"font-size: 12pt;\"><a href=\"https:\/\/www.fnm.um.si\/index.php\/2016\/01\/22\/zapisniki-kz-2007-2014\/\" target=\"_blank\" rel=\"noopener\">Zapisniki K\u0160Z 2007 &#8211; 2014<\/a><\/span><\/strong><\/p>\n<p>[\/et_pb_text][\/et_pb_column][et_pb_column type=&#8221;1_5&#8243; _builder_version=&#8221;4.16&#8243; _module_preset=&#8221;default&#8221; global_colors_info=&#8221;{}&#8221;][et_pb_sidebar area=&#8221;et_pb_widget_area_16&#8243; disabled_on=&#8221;off|off|off&#8221; _builder_version=&#8221;4.16&#8243; _module_preset=&#8221;default&#8221; global_colors_info=&#8221;{}&#8221;][\/et_pb_sidebar][\/et_pb_column][\/et_pb_row][\/et_pb_section][et_pb_section fb_built=&#8221;1&#8243; specialty=&#8221;on&#8221; disabled_on=&#8221;on|on|on&#8221; _builder_version=&#8221;4.16&#8243; _module_preset=&#8221;default&#8221; disabled=&#8221;on&#8221; global_colors_info=&#8221;{}&#8221;][et_pb_column type=&#8221;3_4&#8243; specialty_columns=&#8221;3&#8243; _builder_version=&#8221;4.16&#8243; custom_padding=&#8221;|||&#8221; global_colors_info=&#8221;{}&#8221; custom_padding__hover=&#8221;|||&#8221;][et_pb_row_inner column_structure=&#8221;1_2,1_2&#8243; _builder_version=&#8221;4.16&#8243; _module_preset=&#8221;default&#8221; custom_css_main_element=&#8221;padding-bottom: 0px !important;||padding-top: 0px !important;&#8221; global_colors_info=&#8221;{}&#8221;][et_pb_column_inner type=&#8221;1_2&#8243; saved_specialty_column_type=&#8221;3_4&#8243; _builder_version=&#8221;4.16&#8243; _module_preset=&#8221;default&#8221; global_colors_info=&#8221;{}&#8221;][et_pb_text disabled_on=&#8221;on|on|&#8221; admin_label=&#8221;Komisija za \u0161tudijske zadeve&#8221; _builder_version=&#8221;4.16&#8243; global_colors_info=&#8221;{}&#8221;]<\/p>\n<p><span style=\"font-size: 14pt;\"><strong>Komisija za \u0161tudijske zadeve<\/strong><\/span><\/p>\n<ul>\n<li><span style=\"font-size: 12pt;\">prodekanica, izr. prof. dr. Sonja \u0160kornik,\u00a0predsednica,<\/span><\/li>\n<li><span style=\"font-size: 12pt;\">doc. dr. Kosta Dolenc,<\/span><\/li>\n<li><span style=\"font-size: 12pt;\">izr. prof. dr. Marko Jakovac,<\/span><\/li>\n<li><span style=\"font-size: 12pt;\">doc. dr. Tina Klenov\u0161ek,<\/span><\/li>\n<li><span style=\"font-size: 12pt;\">red. prof. dr. Nata\u0161a Vaupoti\u010d,<\/span><\/li>\n<li><span style=\"font-size: 12pt;\">Da\u0161a Don\u0161a, \u0161tudentka,<\/span><\/li>\n<li><span style=\"font-size: 12pt;\">Mo Lipovec, \u0161tudentka.<\/span><\/li>\n<\/ul>\n<p><span style=\"font-size: 12pt;\">Komisija je imenovana\u00a0za dobo \u0161tirih let, to je do 25. 11. 2026. Mandat \u0161tudentov\u00a0traja leto dni do 25. 10. 2022.<\/span><br \/><span style=\"font-size: 12pt;\">Komisijo vodi prodekanICA, ki ima mandat do 27. 1. 2024.<\/span><\/p>\n<p><span style=\"font-size: 12pt;\"><span class=\"TrackChangeTextInsertion TrackedChange SCXW198925310 BCX0\"><span class=\"TrackedChange SCXW198925310 BCX0\"><span class=\"TextRun SCXW198925310 BCX0\" lang=\"SL-SI\" xml:lang=\"SL-SI\" data-contrast=\"none\"><span class=\"NormalTextRun SCXW198925310 BCX0\">Statut UM (317. \u010dlen)<\/span><\/span><\/span><\/span><span class=\"EOP TrackedChange SCXW198925310 BCX0\" data-ccp-props=\"{&quot;134233117&quot;:true,&quot;134233118&quot;:true,&quot;201341983&quot;:2,&quot;335559739&quot;:160,&quot;335559740&quot;:384}\">\u00a0<\/span><\/span><br \/><span style=\"font-size: 12pt;\">Komisija za \u0161tudijske zadeve ima sedem \u010dlanov in jo sestavljajo: prodekan za izobra\u017eevalno dejavnost, \u0161tirje \u010dlani, ki jih imenuje Senat fakultete izmed visoko\u0161olskih u\u010diteljev oziroma znanstvenih delavcev ter dva \u0161tudenta. Mandatna doba \u010dlanov komisij traja \u0161tiri leta, mandat \u010dlanov iz vrst \u0161tudentov pa eno leto. \u010clani komisij so lahko po preteku te dobe ponovno imenovani.<\/span><\/p>\n<p><span style=\"font-size: 12pt;\">Komisija za \u0161tudijske zadeve Fakultete za naravoslovje in matematiko Univerze v Mariboru obravnava \u0161tudijske programe in izpitni re\u017eim in druga vpra\u0161anja s podro\u010dja visoko\u0161olskega izobra\u017eevanja in daje Senatu Fakultete za naravoslovje in matematiko Univerze v Mariboru predloge in mnenja. Poleg navedenega Komisija za \u0161tudijske zadeve Fakultete za naravoslovje in matematiko Univerze v Mariboru obravnava in odlo\u010da o pro\u0161njah v primerih:<\/span><\/p>\n<ul>\n<li><span style=\"font-size: 12pt;\">izjemnega napredovanja v vi\u0161ji letnik<\/span><\/li>\n<li><span style=\"font-size: 12pt;\">ponavljanja letnika<\/span><\/li>\n<li><span style=\"font-size: 12pt;\">hkratnega izobra\u017eevanja po dveh ali ve\u010d \u0161tudijskih programih<\/span><\/li>\n<li><span style=\"font-size: 12pt;\">nadaljevanja \u0161tudija po prekinitvi<\/span><\/li>\n<li><span style=\"font-size: 12pt;\">hitrej\u0161ega napredovanja<\/span><\/li>\n<li><span style=\"font-size: 12pt;\">opravljanja izpitov iz u\u010dnih enot vi\u0161jega letnika<\/span><\/li>\n<li><span style=\"font-size: 12pt;\">podalj\u0161anjem statusa \u0161tudenta<\/span><\/li>\n<li><span style=\"font-size: 12pt;\">pridobitve statusa invalida<\/span><\/li>\n<li><span style=\"font-size: 12pt;\">pridobitve posebnega statusa \u0161tudenta<\/span><\/li>\n<li><span style=\"font-size: 12pt;\">prehodih iz enega v drug \u0161tudijski program.<\/span><\/li>\n<\/ul>\n<p><span style=\"font-size: 12pt;\">Pro\u0161nje se naslovijo na Komisijo za \u0161tudijske zadeve Fakultete za naravoslovje in matematiko Univerze v Mariboru, Koro\u0161ka cesta 160, 2000 Maribor.<\/span><\/p>\n<p><span style=\"font-size: 12pt;\">\u0160tudenti dvopredmetnih \u0161tudijskih programov, ki jih izvaja Fakulteta za naravoslovje in matematiko v povezavi s Filozofsko fakulteto oddate pro\u0161njo v referat mati\u010dne fakultete, referat jo posreduje na ustrezno komisijo za \u0161tudijske zadeve:<\/span><\/p>\n<ul>\n<li><span style=\"font-size: 12pt;\">o izjemni odobritvi vpisa \u0161tudenta v vi\u0161ji letnik z manjkajo\u010dimi obveznostmi odlo\u010da komisija za \u0161tudijske zadeve tiste fakultete, ki izvaja \u0161tudijski program na katerem vam manjka obveznost,<\/span><\/li>\n<li><span style=\"font-size: 12pt;\">o podalj\u0161anju statusa \u0161tudenta odlo\u010da komisija za \u0161tudijske zadeve mati\u010dne fakultete,<\/span><\/li>\n<li><span style=\"font-size: 12pt;\">o ponovnem vpisu v letnik odlo\u010da komisija za \u0161tudijske zadeve mati\u010dne fakultete.<\/span><\/li>\n<\/ul>\n<p><span style=\"font-size: 12pt;\">Pro\u0161nje je potrebno oddati na ustreznih, v ta namen pripravljenih obrazcih:\u00a0<\/span><\/p>\n<ul>\n<li data-leveltext=\"\uf0b7\" data-font=\"Symbol\" data-listid=\"3\" aria-setsize=\"-1\" data-aria-posinset=\"3\" data-aria-level=\"1\"><span style=\"font-size: 12pt;\"><a href=\"https:\/\/www.fnm.um.si\/wp-content\/uploads\/2021\/09\/PROSNJA-ZA-KOMISIJO-ZA-STUDIJSKE-ZADEVE-2017.docx\">Univerzalna pro\u0161nja za izjemne odobritve vpisa \u0161tudenta v vi\u0161ji letnik, za ponavljanje letnika, za podalj\u0161anje statusa \u0161tudenta<\/a>\u00a0<\/span><\/li>\n<\/ul>\n<p><span style=\"font-size: 12pt;\"><a href=\"http:\/\/www.fnm.um.si\/wp-content\/uploads\/2010\/09\/Navodila-za-presojo-prosenj-studentov-2017.pdf\" target=\"_blank\" rel=\"noopener\">NAVODILA\u00a0ZA PRESOJO PRO\u0160ENJ \u0160TUDENTOV TER UPRAVI\u010cENIH RAZLOGOV SKLADNO S 85., 121. IN 212. \u010cLENOM STATUTA UM<\/a><\/span><br \/><span style=\"font-size: 12pt;\"><a href=\"http:\/\/www.fnm.um.si\/wp-content\/uploads\/2010\/09\/Izpis_sklepa_Stalisc_za_presojo_prosenj.pdf\" target=\"_blank\" rel=\"noopener\">Izpis sklepa Stali\u0161\u010d za presojo pro\u0161enj<\/a><\/span><\/p>\n<p>&nbsp;<\/p>\n<p>[\/et_pb_text][\/et_pb_column_inner][et_pb_column_inner type=&#8221;1_2&#8243; saved_specialty_column_type=&#8221;3_4&#8243; _builder_version=&#8221;4.16&#8243; _module_preset=&#8221;default&#8221; global_colors_info=&#8221;{}&#8221;][et_pb_text disabled_on=&#8221;on|on|&#8221; admin_label=&#8221;Komisija za \u0161tudijske zadeve&#8221; _builder_version=&#8221;4.16&#8243; global_colors_info=&#8221;{}&#8221;]<\/p>\n<p><span style=\"font-size: 14pt;\"><strong><span style=\"font-family: Arial, sans-serif; color: #666666;\">Terminski plan sej K\u0160Z FNM 2022-2023<\/span><\/strong><\/span><\/p>\n<p><span style=\"font-size: 12pt;\">petek, 28. 10. 2022<\/span><br \/><span style=\"font-size: 12pt;\">sreda, 7. 12. 2022<\/span><br \/><span style=\"font-size: 12pt;\">sreda, 11. 1. 2023<\/span><br \/><span style=\"font-size: 12pt;\">torek, 21. 2. 2023<\/span><br \/><span style=\"font-size: 12pt;\">torek, 28. 3. 2023<\/span><br \/><span style=\"font-size: 12pt;\">torek, 23. 5. 2023<\/span><br \/><span style=\"font-size: 12pt;\">\u010detrtek, 15. 6.2023<\/span><br \/><span style=\"font-size: 12pt;\">\u010detrtek, 7. 9. 2023<\/span><br \/><span style=\"font-size: 12pt;\">\u010detrtek, 21. 9. 2023<\/span><\/p>\n<p><span style=\"font-size: 14pt;\"><strong>Zapisniki:<\/strong><\/span><\/p>\n<p><span style=\"font-size: 12pt;\"><a href=\"https:\/\/www.fnm.um.si\/wp-content\/uploads\/2022\/12\/Zapisnik-konstitutivne-seje-KSZ-7-12-2022.pdf\">Zapisnik konstitutivne seje K\u0160Z FNM\u00a0<\/a>&#8211; 7. 12. 2022<\/span><\/p>\n<p><span style=\"font-size: 12pt;\"><a href=\"https:\/\/www.fnm.um.si\/wp-content\/uploads\/2022\/12\/Zapisnik-21-redne-seje-KSZ-28-10-2022-V3.pdf\">Zapisnik 21. redne seje K\u0160Z FNM<\/a> &#8211; 28. 10. 2022<\/span><br \/><span style=\"font-size: 12pt;\"><a href=\"https:\/\/www.fnm.um.si\/wp-content\/uploads\/2022\/10\/Zapisnik_7_pisne_seje_KSZ_27_9_2022.pdf\">Zapisnik 7. pisne seje K\u0160Z FNM<\/a> \u00a0&#8211; 27. 9. 2022<\/span><br \/><span style=\"font-size: 12pt;\"><a href=\"https:\/\/www.fnm.um.si\/wp-content\/uploads\/2022\/11\/Zapisnik-20-redne-seje-KSZ-22-9-2022.pdf\">Zapisnik 20. redne seje K\u0160Z FNM<\/a> &#8211; 22. 9. 2022<\/span><br \/><span style=\"font-size: 12pt;\"><a href=\"https:\/\/www.fnm.um.si\/index.php\/2022\/09\/22\/izpis-sklepov-20-redne-seje-komisije-za-studijske-zadeve-fakultete-za-naravoslovje-in-matematiko-um-z-dne-22-9-2022\/\">Izpis sklepov 20. redne seje K\u0160Z FNM<\/a> &#8211; 22. 9. 2022<\/span><br \/><span style=\"font-size: 12pt;\"><a href=\"https:\/\/www.fnm.um.si\/wp-content\/uploads\/2022\/09\/Zapisnik-19-redne-seje-KSZ-8-9-2022.pdf\">Zapisnik 19. redne seje K\u0160Z FNM<\/a> &#8211; 8. 9. 2022<\/span><br \/><span style=\"font-size: 12pt;\"><a href=\"https:\/\/www.fnm.um.si\/wp-content\/uploads\/2022\/08\/Zapisnik_6_pisne_seje_KSZ_30_6_2022.pdf\">Zapisnik 6. pisne seje K\u0160Z FNM<\/a> \u00a0&#8211; 30. 6. do 1. 7. 2022<\/span><br \/><span style=\"font-size: 12pt;\"><a href=\"https:\/\/www.fnm.um.si\/wp-content\/uploads\/2022\/08\/Zapisnik-18-redne-seje-KSZ-16-6-2022.pdf\">Zapisnik 18. redne seje K\u0160Z FNM<\/a> &#8211; 16. 6. 2022<\/span><br \/><span style=\"font-size: 12pt;\"><a href=\"https:\/\/www.fnm.um.si\/wp-content\/uploads\/2022\/05\/Zapisnik-17-redne-seje-KSZ_24-5-2022.pdf\">Zapisnik 17. redne seje K\u0160Z FNM<\/a> &#8211; 24. 5. 2022<\/span><br \/><span style=\"font-size: 12pt;\"><a href=\"https:\/\/www.fnm.um.si\/wp-content\/uploads\/2022\/04\/Zapisnik_16_redne_seje_KSZ_29_3_22.pdf\">Zapisnik 16. redne seje K\u0160Z FNM<\/a> &#8211; 29. 3. 2022<\/span><br \/><span style=\"font-size: 12pt;\"><a href=\"https:\/\/www.fnm.um.si\/wp-content\/uploads\/2022\/03\/Zapisnik-15-redne-seje-KSZ-22-2-2022.pdf\">Zapisnik 15. redne seje K\u0160Z FNM<\/a> &#8211; 22. 2. 2022<\/span><br \/><span style=\"font-size: 12pt;\"><a href=\"https:\/\/www.fnm.um.si\/wp-content\/uploads\/2022\/02\/Zapisnik-14-redne-seje-KSZ-25-1-2022.pdf\">Zapisnik 14. redne seje K\u0160Z FNM<\/a> &#8211; 25. 1. 2022<\/span><br \/><span style=\"font-size: 12pt;\"><a href=\"https:\/\/www.fnm.um.si\/wp-content\/uploads\/2022\/02\/Zapisnik-5-pisne-seje-KSZ-7_2_2022.pdf\">Zapisnik 5. pisne seje K\u0160Z FNM <\/a>\u00a0&#8211; 7. do 9. 2. 2021<\/span><br \/><span style=\"font-size: 12pt;\"><a href=\"https:\/\/www.fnm.um.si\/wp-content\/uploads\/2022\/01\/Zapisnik-5-izredne-seje-21-12-2021.pdf\">Zapisnik 5. izredne seje K\u0160Z FNM<\/a> &#8211; 22. 12. 2021<\/span><br \/><span style=\"font-size: 12pt;\"><a href=\"https:\/\/www.fnm.um.si\/wp-content\/uploads\/2022\/01\/Zapisnik-13-redne-seje-KSZ-7-12-2021.pdf\">Zapisnik 13. redne seje K\u0160Z FNM<\/a> &#8211; 7. 12. 2021<\/span><br \/><span style=\"font-size: 12pt;\"><a href=\"https:\/\/www.fnm.um.si\/wp-content\/uploads\/2021\/11\/Zapisnik-12-redne-seje-KSZ-FNM-UM-27-10-2021.pdf\">Zapisnik 12. redne seje K\u0160Z FNM<\/a> &#8211; 27. 10. 2021<\/span><br \/><span style=\"font-size: 12pt;\"><a href=\"https:\/\/www.fnm.um.si\/wp-content\/uploads\/2021\/10\/Zapisnik-11-redne-seje-KSZ-FNM-UM-23-9-2021.pdf\">Zapisnik 11. redne seje K\u0160Z FNM<\/a> &#8211; 23. 9. 2021<\/span><br \/><span style=\"font-size: 12pt;\"><a href=\"https:\/\/www.fnm.um.si\/wp-content\/uploads\/2021\/10\/Zapisnik-10-redne-seje-KSZ-14-9-2021.pdf\">Zapisnik 10. redne seje K\u0160Z FNM<\/a> &#8211; 14. 9. 2021<\/span><br \/><span style=\"font-size: 12pt;\"><a href=\"https:\/\/www.fnm.um.si\/wp-content\/uploads\/2021\/09\/Zapisnik-9-redne-seje-KSZ-6-9-2021.pdf\">Zapisnik 9. redne seje K\u0160Z FNM<\/a> &#8211; 6. 9. 2021<\/span><br \/><span style=\"font-size: 12pt;\"><a href=\"https:\/\/www.fnm.um.si\/wp-content\/uploads\/2021\/09\/Izpis-sklepov-9-redne-seje-KSZ-6-9-2021.pdf\">Izpis sklepov 9. redne seje K\u0160Z FNM<\/a> &#8211; 6. 9. 2021<\/span><br \/><span style=\"font-size: 12pt;\"><a href=\"https:\/\/www.fnm.um.si\/wp-content\/uploads\/2021\/09\/Zapisnik-4-izredne-KSZ-FNM-UM-23-6-2021SS.pdf\">Zapisnik 4. izredne seje K\u0160Z FNM<\/a> &#8211; 23. 6. 2021<\/span><br \/><span style=\"font-size: 12pt;\"><a href=\"https:\/\/www.fnm.um.si\/wp-content\/uploads\/2021\/06\/Zapisnik-8-redne-KSZ-FNM-UM-25-5-2021.pdf\">Zapisnik 8. redne seje K\u0160Z FNM<\/a> &#8211; 25. 5. 2021<\/span><br \/><span style=\"font-size: 12pt;\"><a href=\"https:\/\/www.fnm.um.si\/wp-content\/uploads\/2021\/05\/Zapisnik-7-redne-KSZ-FNM-UM-23-3-2021.pdf\">Zapisnik 7. redne seje K\u0160Z FNM<\/a> &#8211; 23. 3. 2021<\/span><br \/><span style=\"font-size: 12pt;\"><a href=\"https:\/\/www.fnm.um.si\/wp-content\/uploads\/2021\/03\/Zapisnik-4-pisne-seje-23-2-2021.pdf\">Zapisnik 4. pisne seje K\u0160Z FNM<\/a> &#8211; 23. do 25. 2. 2021<\/span><br \/><span style=\"font-size: 12pt;\"><a href=\"https:\/\/www.fnm.um.si\/wp-content\/uploads\/2021\/02\/Zapisnik-6-redne-KSZ-FNM-UM-19-1-2021.pdf\">Zapisnik 6. redne seje K\u0160Z FNM<\/a> &#8211; 19. 1. 2021<\/span><br \/><span style=\"font-size: 12pt;\"><a href=\"https:\/\/www.fnm.um.si\/wp-content\/uploads\/2021\/01\/Zapisnik-3-pisne-seje-KSZ-11-1-2021.pdf\">Zapisnik 3. pisne seje K\u0160Z FNM<\/a> &#8211; 11. do 12. 1. 2021<\/span><br \/><span style=\"font-size: 12pt;\"><a href=\"https:\/\/www.fnm.um.si\/wp-content\/uploads\/2021\/01\/Zapisnik-3-izredne-seje-KSZ-FNM-UM-17-12-2020-V2.pdf\">Zapisnik 3. izredne seje K\u0160Z FNM<\/a>\u00a0&#8211; 17. 12. 2020<\/span><br \/><span style=\"font-size: 12pt;\"><a href=\"https:\/\/www.fnm.um.si\/wp-content\/uploads\/2020\/12\/Zapisnik-5-redne-seje-KSZ-FNM-UM-29-10-2020v3.pdf\">Zapisnik 5. redne seje K\u0160Z FNM<\/a>\u00a0&#8211; 29. 10. 2020<\/span><br \/><span style=\"font-size: 12pt;\"><a href=\"https:\/\/www.fnm.um.si\/wp-content\/uploads\/2020\/10\/Zapisnik-2-pisne-seje-KSZ-FNM-28-9-2020.pdf\">Zapisnik 2.pisne seje K\u0160Z FNM<\/a>\u00a0&#8211; 28 do 29. 9. 2020<\/span><br \/><span style=\"font-size: 12pt;\"><a href=\"https:\/\/www.fnm.um.si\/wp-content\/uploads\/2020\/10\/Zapisnik-4-redne-seje-KSZ-FNM-UM-24-9-2020.pdf\">Zapisnik 4. redne seje K\u0160Z FNM<\/a>\u00a0&#8211; 24. 9. 2020<\/span><br \/><span style=\"font-size: 12pt;\"><a href=\"https:\/\/www.fnm.um.si\/wp-content\/uploads\/2020\/10\/Zapisnik-3-redne-seje-KSZ-15-9-2020.pdf\">Zapisnik 3. redne seje K\u0160Z FNM<\/a>\u00a0&#8211; 15. 9. 2020<\/span><br \/><span style=\"font-size: 12pt;\"><a href=\"https:\/\/www.fnm.um.si\/wp-content\/uploads\/2020\/09\/Zapisnik-2-redne-seje-KSZ-3-9-2020.pdf\">Zapisnik 2. redne seje K\u0160Z FNM<\/a>\u00a0&#8211; 3. 9. 2020\u00a0\u00a0<span style=\"color: #ff0000;\"><strong><br \/><\/strong><\/span><a href=\"https:\/\/www.fnm.um.si\/wp-content\/uploads\/2020\/09\/Zapisnik-2-izredne-seje-2-7-2020.pdf\">Zapisnik 2. izredne seje K\u0160Z FNM<\/a>\u00a0&#8211; 2. 7. 2020<\/span><br \/><span style=\"font-size: 12pt;\"><a href=\"https:\/\/www.fnm.um.si\/wp-content\/uploads\/2020\/06\/Zapisnik-1-izredne-seje-KSZ-FNM-22-6-2020.pdf\">Zapisnik 1. izredne seje K\u0160Z FNM<\/a>\u00a0&#8211; 22. 6. 2020<\/span><br \/><span style=\"font-size: 12pt;\"><a href=\"https:\/\/www.fnm.um.si\/wp-content\/uploads\/2020\/03\/Zapisnik-1-pisne-seje-KSZ-FNM-23-2-2020.pdf\">Zapisnik 1.pisne seje K\u0160Z FNM<\/a>\u00a0&#8211; 23. 2. 2020<\/span><br \/><span style=\"font-size: 12pt;\"><a href=\"https:\/\/www.fnm.um.si\/wp-content\/uploads\/2020\/03\/Zapisnik-konstitutivne-seje-KSZ-FNM-UM-20-2-2020.pdf\">Zapisnik konstitutivne seje K\u0160Z FNM<\/a>\u00a0&#8211; 20. 2. 2020<\/span><br \/><span style=\"font-size: 12pt;\"><a href=\"https:\/\/www.fnm.um.si\/wp-content\/uploads\/2020\/01\/Zapisnik-8-redne-seje-KSZ-21-1-2020.pdf\">Zapisnik 8. redne seje K\u0160Z FNM<\/a>\u00a0&#8211; 21. 1. 2020<\/span><br \/><span style=\"font-size: 12pt;\"><a href=\"https:\/\/www.fnm.um.si\/wp-content\/uploads\/2019\/12\/Zapisnik-5-izredne-seje-KSZ-FNM-UM-19-12-2019.pdf\">Zapisnik 5. izredne seje K\u0160Z FNM<\/a>\u00a0&#8211; 19. 12. 2019<\/span><br \/><span style=\"font-size: 12pt;\"><a href=\"https:\/\/www.fnm.um.si\/wp-content\/uploads\/2019\/12\/Zapisnik-4-izredne-seje-KSZ-FNM-UM-2-12-2019.pdf\">Zapisnik 4. izredne seje K\u0160Z FNM<\/a>\u00a0&#8211; 2. 12. 2019<\/span><br \/><span style=\"font-size: 12pt;\"><a href=\"https:\/\/www.fnm.um.si\/wp-content\/uploads\/2019\/10\/Zapisnik-7-redne-seje-KSZ-FNM-UM-22-10-2019.pdf\">Zapisnik 7. redne seje K\u0160Z FNM<\/a>\u00a0&#8211; 22. 10. 2019<\/span><\/p>\n<p><span style=\"font-size: 12pt;\"><a href=\"https:\/\/www.fnm.um.si\/index.php\/2019\/02\/28\/zapisniki-ksz-2015-2018\/\"><strong>Zapisniki K\u0160Z 2015<\/strong><strong>\u00a0&#8211; 2019<\/strong><\/a><\/span><\/p>\n<p><span style=\"font-size: 12pt;\"><a href=\"https:\/\/www.fnm.um.si\/index.php\/2016\/01\/22\/zapisniki-kz-2007-2014\/\" target=\"_blank\" rel=\"noopener\"><strong>Zapisniki K\u0160Z 2007<\/strong><strong> &#8211; 2014<\/strong><\/a><\/span><\/p>\n<p>&nbsp;<\/p>\n<p>[\/et_pb_text][\/et_pb_column_inner][\/et_pb_row_inner][\/et_pb_column][et_pb_column type=&#8221;1_4&#8243; _builder_version=&#8221;4.16&#8243; custom_padding=&#8221;|||&#8221; global_colors_info=&#8221;{}&#8221; custom_padding__hover=&#8221;|||&#8221;][et_pb_sidebar area=&#8221;page-sidebar-tudij-meni&#8221; disabled_on=&#8221;off|off|off&#8221; _builder_version=&#8221;4.16&#8243; _module_preset=&#8221;default&#8221; custom_css_before=&#8221;padding-bottom: 0px !important;||padding-top: 0px !important;&#8221; custom_css_main_element=&#8221;padding-bottom: 0px !important;||padding-top: 0px !important;&#8221; global_colors_info=&#8221;{}&#8221;][\/et_pb_sidebar][\/et_pb_column][\/et_pb_section][et_pb_section fb_built=&#8221;1&#8243; specialty=&#8221;on&#8221; disabled_on=&#8221;on|on|on&#8221; _builder_version=&#8221;4.16&#8243; _module_preset=&#8221;default&#8221; disabled=&#8221;on&#8221; global_colors_info=&#8221;{}&#8221;][et_pb_column type=&#8221;1_4&#8243; _builder_version=&#8221;4.16&#8243; custom_padding=&#8221;|||&#8221; global_colors_info=&#8221;{}&#8221; custom_padding__hover=&#8221;|||&#8221;][et_pb_text admin_label=&#8221;Kontakti &#8211; \u0161tudij&#8221; _builder_version=&#8221;4.27.4&#8243; _module_preset=&#8221;default&#8221; global_module=&#8221;42807&#8243; saved_tabs=&#8221;all&#8221; locked=&#8221;off&#8221; global_colors_info=&#8221;{}&#8221;]<\/p>\n<p style=\"text-align: justify;\"><span style=\"font-size: 10pt;\"><strong>Kontakti:<\/strong><\/span><\/p>\n<p style=\"text-align: justify;\"><span style=\"font-size: 10pt;\"><strong>Prodekan<br \/>za \u0161tudijsko dejavnost:<\/strong><\/span><br \/><span style=\"font-size: 10pt;\">Marko Jakovac<\/span><br \/><span style=\"font-size: 10pt;\"> prodekan.fnm-izo@um.si<\/span><br \/><span style=\"font-size: 10pt;\"> 02 22 93 876<\/span><\/p>\n<p style=\"text-align: left;\"><span style=\"font-size: 10pt;\"><strong>Referat za \u0161tudentske zadeve<\/strong><\/span><br \/><span style=\"font-size: 10pt;\"> referat.fnm@um.si<\/span><\/p>\n<p><span style=\"font-size: 10pt;\">Vodja:<br \/>Cecilija Lopari\u010d Hercog<\/span><br \/><span style=\"font-size: 10pt;\"> cecilija.loparic@um.si<\/span><br \/><span style=\"font-size: 10pt;\"> 02 2293 879<\/span><\/p>\n<p><span style=\"font-size: 10pt;\">Aleksandra Cingerli<\/span><br \/><span style=\"font-size: 10pt;\"> aleksandra.cingerli@um.si<\/span><br \/><span style=\"font-size: 10pt;\"> 02 2293 779<\/span><\/p>\n<p><span style=\"font-size: 10pt;\">Nina Tratnik<\/span><br \/><span style=\"font-size: 10pt;\"> nina.tratnik1@um.si<\/span><br \/><span style=\"font-size: 10pt;\"> 02 2293 729<\/span><\/p>\n<p><span style=\"font-size: 10pt;\">Uradne ure<\/span><br \/><span style=\"font-size: 10pt;\"> &#8211; v prostoru referata \u0161tev. 0\/40<\/span><br \/><span style=\"font-size: 10pt;\"> &#8211; vsak delovni dan med 9. in 11. uro.<\/span><\/p>\n<p><span style=\"font-size: 10pt;\"><strong>Center za vse\u017eivljenjsko u\u010denje in Doktorski \u0161tudij<\/strong><\/span><br \/><span style=\"font-size: 10pt;\"> cvu.fnm@um.si<\/span><br \/><span style=\"font-size: 10pt;\"> doktorski.fnm@um.si<\/span><\/p>\n<p><span style=\"font-size: 10pt;\">Tamara Korade<\/span><br \/><span style=\"font-size: 10pt;\"> tamara.korade@um.si<\/span><br \/><span style=\"font-size: 10pt;\"> 02 2293 880<\/span><\/p>\n<p>[\/et_pb_text][\/et_pb_column][et_pb_column type=&#8221;1_2&#8243; specialty_columns=&#8221;2&#8243; _builder_version=&#8221;4.16&#8243; custom_padding=&#8221;|||&#8221; global_colors_info=&#8221;{}&#8221; custom_padding__hover=&#8221;|||&#8221;][et_pb_row_inner column_structure=&#8221;1_2,1_2&#8243; _builder_version=&#8221;4.16&#8243; _module_preset=&#8221;default&#8221; custom_css_main_element=&#8221;padding-bottom: 0px !important;||padding-top: 0px !important;&#8221; global_colors_info=&#8221;{}&#8221;][et_pb_column_inner type=&#8221;1_2&#8243; saved_specialty_column_type=&#8221;3_4&#8243; _builder_version=&#8221;4.16&#8243; _module_preset=&#8221;default&#8221; global_colors_info=&#8221;{}&#8221;][et_pb_text disabled_on=&#8221;on|on|&#8221; admin_label=&#8221;Komisija za \u0161tudijske zadeve&#8221; _builder_version=&#8221;4.16&#8243; global_colors_info=&#8221;{}&#8221;]<\/p>\n<p><span style=\"font-size: 14pt;\"><strong>Komisija za \u0161tudijske zadeve<\/strong><\/span><\/p>\n<ul>\n<li><span style=\"font-size: 12pt;\">prodekanica, izr. prof. dr. Sonja \u0160kornik,\u00a0predsednica,<\/span><\/li>\n<li><span style=\"font-size: 12pt;\">doc. dr. Kosta Dolenc,<\/span><\/li>\n<li><span style=\"font-size: 12pt;\">izr. prof. dr. Marko Jakovac,<\/span><\/li>\n<li><span style=\"font-size: 12pt;\">doc. dr. Tina Klenov\u0161ek,<\/span><\/li>\n<li><span style=\"font-size: 12pt;\">red. prof. dr. Nata\u0161a Vaupoti\u010d,<\/span><\/li>\n<li><span style=\"font-size: 12pt;\">Da\u0161a Don\u0161a, \u0161tudentka,<\/span><\/li>\n<li><span style=\"font-size: 12pt;\">Mo Lipovec, \u0161tudentka.<\/span><\/li>\n<\/ul>\n<p><span style=\"font-size: 12pt;\">Komisija je imenovana\u00a0za dobo \u0161tirih let, to je do 25. 11. 2026. Mandat \u0161tudentov\u00a0traja leto dni do 25. 10. 2022.<\/span><br \/><span style=\"font-size: 12pt;\">Komisijo vodi prodekanICA, ki ima mandat do 27. 1. 2024.<\/span><\/p>\n<p><span style=\"font-size: 12pt;\"><span class=\"TrackChangeTextInsertion TrackedChange SCXW198925310 BCX0\"><span class=\"TrackedChange SCXW198925310 BCX0\"><span class=\"TextRun SCXW198925310 BCX0\" lang=\"SL-SI\" xml:lang=\"SL-SI\" data-contrast=\"none\"><span class=\"NormalTextRun SCXW198925310 BCX0\">Statut UM (317. \u010dlen)<\/span><\/span><\/span><\/span><span class=\"EOP TrackedChange SCXW198925310 BCX0\" data-ccp-props=\"{&quot;134233117&quot;:true,&quot;134233118&quot;:true,&quot;201341983&quot;:2,&quot;335559739&quot;:160,&quot;335559740&quot;:384}\">\u00a0<\/span><\/span><br \/><span style=\"font-size: 12pt;\">Komisija za \u0161tudijske zadeve ima sedem \u010dlanov in jo sestavljajo: prodekan za izobra\u017eevalno dejavnost, \u0161tirje \u010dlani, ki jih imenuje Senat fakultete izmed visoko\u0161olskih u\u010diteljev oziroma znanstvenih delavcev ter dva \u0161tudenta. Mandatna doba \u010dlanov komisij traja \u0161tiri leta, mandat \u010dlanov iz vrst \u0161tudentov pa eno leto. \u010clani komisij so lahko po preteku te dobe ponovno imenovani.<\/span><\/p>\n<p><span style=\"font-size: 12pt;\">Komisija za \u0161tudijske zadeve Fakultete za naravoslovje in matematiko Univerze v Mariboru obravnava \u0161tudijske programe in izpitni re\u017eim in druga vpra\u0161anja s podro\u010dja visoko\u0161olskega izobra\u017eevanja in daje Senatu Fakultete za naravoslovje in matematiko Univerze v Mariboru predloge in mnenja. Poleg navedenega Komisija za \u0161tudijske zadeve Fakultete za naravoslovje in matematiko Univerze v Mariboru obravnava in odlo\u010da o pro\u0161njah v primerih:<\/span><\/p>\n<ul>\n<li><span style=\"font-size: 12pt;\">izjemnega napredovanja v vi\u0161ji letnik<\/span><\/li>\n<li><span style=\"font-size: 12pt;\">ponavljanja letnika<\/span><\/li>\n<li><span style=\"font-size: 12pt;\">hkratnega izobra\u017eevanja po dveh ali ve\u010d \u0161tudijskih programih<\/span><\/li>\n<li><span style=\"font-size: 12pt;\">nadaljevanja \u0161tudija po prekinitvi<\/span><\/li>\n<li><span style=\"font-size: 12pt;\">hitrej\u0161ega napredovanja<\/span><\/li>\n<li><span style=\"font-size: 12pt;\">opravljanja izpitov iz u\u010dnih enot vi\u0161jega letnika<\/span><\/li>\n<li><span style=\"font-size: 12pt;\">podalj\u0161anjem statusa \u0161tudenta<\/span><\/li>\n<li><span style=\"font-size: 12pt;\">pridobitve statusa invalida<\/span><\/li>\n<li><span style=\"font-size: 12pt;\">pridobitve posebnega statusa \u0161tudenta<\/span><\/li>\n<li><span style=\"font-size: 12pt;\">prehodih iz enega v drug \u0161tudijski program.<\/span><\/li>\n<\/ul>\n<p><span style=\"font-size: 12pt;\">Pro\u0161nje se naslovijo na Komisijo za \u0161tudijske zadeve Fakultete za naravoslovje in matematiko Univerze v Mariboru, Koro\u0161ka cesta 160, 2000 Maribor.<\/span><\/p>\n<p><span style=\"font-size: 12pt;\">\u0160tudenti dvopredmetnih \u0161tudijskih programov, ki jih izvaja Fakulteta za naravoslovje in matematiko v povezavi s Filozofsko fakulteto oddate pro\u0161njo v referat mati\u010dne fakultete, referat jo posreduje na ustrezno komisijo za \u0161tudijske zadeve:<\/span><\/p>\n<ul>\n<li><span style=\"font-size: 12pt;\">o izjemni odobritvi vpisa \u0161tudenta v vi\u0161ji letnik z manjkajo\u010dimi obveznostmi odlo\u010da komisija za \u0161tudijske zadeve tiste fakultete, ki izvaja \u0161tudijski program na katerem vam manjka obveznost,<\/span><\/li>\n<li><span style=\"font-size: 12pt;\">o podalj\u0161anju statusa \u0161tudenta odlo\u010da komisija za \u0161tudijske zadeve mati\u010dne fakultete,<\/span><\/li>\n<li><span style=\"font-size: 12pt;\">o ponovnem vpisu v letnik odlo\u010da komisija za \u0161tudijske zadeve mati\u010dne fakultete.<\/span><\/li>\n<\/ul>\n<p><span style=\"font-size: 12pt;\">Pro\u0161nje je potrebno oddati na ustreznih, v ta namen pripravljenih obrazcih:\u00a0<\/span><\/p>\n<ul>\n<li data-leveltext=\"\uf0b7\" data-font=\"Symbol\" data-listid=\"3\" aria-setsize=\"-1\" data-aria-posinset=\"3\" data-aria-level=\"1\"><span style=\"font-size: 12pt;\"><a href=\"https:\/\/www.fnm.um.si\/wp-content\/uploads\/2021\/09\/PROSNJA-ZA-KOMISIJO-ZA-STUDIJSKE-ZADEVE-2017.docx\">Univerzalna pro\u0161nja za izjemne odobritve vpisa \u0161tudenta v vi\u0161ji letnik, za ponavljanje letnika, za podalj\u0161anje statusa \u0161tudenta<\/a>\u00a0<\/span><\/li>\n<\/ul>\n<p><span style=\"font-size: 12pt;\"><a href=\"http:\/\/www.fnm.um.si\/wp-content\/uploads\/2010\/09\/Navodila-za-presojo-prosenj-studentov-2017.pdf\" target=\"_blank\" rel=\"noopener\">NAVODILA\u00a0ZA PRESOJO PRO\u0160ENJ \u0160TUDENTOV TER UPRAVI\u010cENIH RAZLOGOV SKLADNO S 85., 121. IN 212. \u010cLENOM STATUTA UM<\/a><\/span><br \/><span style=\"font-size: 12pt;\"><a href=\"http:\/\/www.fnm.um.si\/wp-content\/uploads\/2010\/09\/Izpis_sklepa_Stalisc_za_presojo_prosenj.pdf\" target=\"_blank\" rel=\"noopener\">Izpis sklepa Stali\u0161\u010d za presojo pro\u0161enj<\/a><\/span><\/p>\n<p>&nbsp;<\/p>\n<p>[\/et_pb_text][\/et_pb_column_inner][et_pb_column_inner type=&#8221;1_2&#8243; saved_specialty_column_type=&#8221;3_4&#8243; _builder_version=&#8221;4.16&#8243; _module_preset=&#8221;default&#8221; global_colors_info=&#8221;{}&#8221;][et_pb_text disabled_on=&#8221;on|on|&#8221; admin_label=&#8221;Komisija za \u0161tudijske zadeve&#8221; _builder_version=&#8221;4.16&#8243; global_colors_info=&#8221;{}&#8221;]<\/p>\n<p><span style=\"font-size: 14pt;\"><strong><span style=\"font-family: Arial, sans-serif; color: #666666;\">Terminski plan sej K\u0160Z FNM 2022-2023<\/span><\/strong><\/span><\/p>\n<p><span style=\"font-size: 12pt;\">petek, 28. 10. 2022<\/span><br \/><span style=\"font-size: 12pt;\">sreda, 7. 12. 2022<\/span><br \/><span style=\"font-size: 12pt;\">sreda, 11. 1. 2023<\/span><br \/><span style=\"font-size: 12pt;\">torek, 21. 2. 2023<\/span><br \/><span style=\"font-size: 12pt;\">torek, 28. 3. 2023<\/span><br \/><span style=\"font-size: 12pt;\">torek, 23. 5. 2023<\/span><br \/><span style=\"font-size: 12pt;\">\u010detrtek, 15. 6.2023<\/span><br \/><span style=\"font-size: 12pt;\">\u010detrtek, 7. 9. 2023<\/span><br \/><span style=\"font-size: 12pt;\">\u010detrtek, 21. 9. 2023<\/span><\/p>\n<p><span style=\"font-size: 14pt;\"><strong>Zapisniki:<\/strong><\/span><\/p>\n<p><span style=\"font-size: 12pt;\"><a href=\"https:\/\/www.fnm.um.si\/wp-content\/uploads\/2022\/12\/Zapisnik-konstitutivne-seje-KSZ-7-12-2022.pdf\">Zapisnik konstitutivne seje K\u0160Z FNM\u00a0<\/a>&#8211; 7. 12. 2022<\/span><\/p>\n<p><span style=\"font-size: 12pt;\"><a href=\"https:\/\/www.fnm.um.si\/wp-content\/uploads\/2022\/12\/Zapisnik-21-redne-seje-KSZ-28-10-2022-V3.pdf\">Zapisnik 21. redne seje K\u0160Z FNM<\/a> &#8211; 28. 10. 2022<\/span><br \/><span style=\"font-size: 12pt;\"><a href=\"https:\/\/www.fnm.um.si\/wp-content\/uploads\/2022\/10\/Zapisnik_7_pisne_seje_KSZ_27_9_2022.pdf\">Zapisnik 7. pisne seje K\u0160Z FNM<\/a> \u00a0&#8211; 27. 9. 2022<\/span><br \/><span style=\"font-size: 12pt;\"><a href=\"https:\/\/www.fnm.um.si\/wp-content\/uploads\/2022\/11\/Zapisnik-20-redne-seje-KSZ-22-9-2022.pdf\">Zapisnik 20. redne seje K\u0160Z FNM<\/a> &#8211; 22. 9. 2022<\/span><br \/><span style=\"font-size: 12pt;\"><a href=\"https:\/\/www.fnm.um.si\/index.php\/2022\/09\/22\/izpis-sklepov-20-redne-seje-komisije-za-studijske-zadeve-fakultete-za-naravoslovje-in-matematiko-um-z-dne-22-9-2022\/\">Izpis sklepov 20. redne seje K\u0160Z FNM<\/a> &#8211; 22. 9. 2022<\/span><br \/><span style=\"font-size: 12pt;\"><a href=\"https:\/\/www.fnm.um.si\/wp-content\/uploads\/2022\/09\/Zapisnik-19-redne-seje-KSZ-8-9-2022.pdf\">Zapisnik 19. redne seje K\u0160Z FNM<\/a> &#8211; 8. 9. 2022<\/span><br \/><span style=\"font-size: 12pt;\"><a href=\"https:\/\/www.fnm.um.si\/wp-content\/uploads\/2022\/08\/Zapisnik_6_pisne_seje_KSZ_30_6_2022.pdf\">Zapisnik 6. pisne seje K\u0160Z FNM<\/a> \u00a0&#8211; 30. 6. do 1. 7. 2022<\/span><br \/><span style=\"font-size: 12pt;\"><a href=\"https:\/\/www.fnm.um.si\/wp-content\/uploads\/2022\/08\/Zapisnik-18-redne-seje-KSZ-16-6-2022.pdf\">Zapisnik 18. redne seje K\u0160Z FNM<\/a> &#8211; 16. 6. 2022<\/span><br \/><span style=\"font-size: 12pt;\"><a href=\"https:\/\/www.fnm.um.si\/wp-content\/uploads\/2022\/05\/Zapisnik-17-redne-seje-KSZ_24-5-2022.pdf\">Zapisnik 17. redne seje K\u0160Z FNM<\/a> &#8211; 24. 5. 2022<\/span><br \/><span style=\"font-size: 12pt;\"><a href=\"https:\/\/www.fnm.um.si\/wp-content\/uploads\/2022\/04\/Zapisnik_16_redne_seje_KSZ_29_3_22.pdf\">Zapisnik 16. redne seje K\u0160Z FNM<\/a> &#8211; 29. 3. 2022<\/span><br \/><span style=\"font-size: 12pt;\"><a href=\"https:\/\/www.fnm.um.si\/wp-content\/uploads\/2022\/03\/Zapisnik-15-redne-seje-KSZ-22-2-2022.pdf\">Zapisnik 15. redne seje K\u0160Z FNM<\/a> &#8211; 22. 2. 2022<\/span><br \/><span style=\"font-size: 12pt;\"><a href=\"https:\/\/www.fnm.um.si\/wp-content\/uploads\/2022\/02\/Zapisnik-14-redne-seje-KSZ-25-1-2022.pdf\">Zapisnik 14. redne seje K\u0160Z FNM<\/a> &#8211; 25. 1. 2022<\/span><br \/><span style=\"font-size: 12pt;\"><a href=\"https:\/\/www.fnm.um.si\/wp-content\/uploads\/2022\/02\/Zapisnik-5-pisne-seje-KSZ-7_2_2022.pdf\">Zapisnik 5. pisne seje K\u0160Z FNM <\/a>\u00a0&#8211; 7. do 9. 2. 2021<\/span><br \/><span style=\"font-size: 12pt;\"><a href=\"https:\/\/www.fnm.um.si\/wp-content\/uploads\/2022\/01\/Zapisnik-5-izredne-seje-21-12-2021.pdf\">Zapisnik 5. izredne seje K\u0160Z FNM<\/a> &#8211; 22. 12. 2021<\/span><br \/><span style=\"font-size: 12pt;\"><a href=\"https:\/\/www.fnm.um.si\/wp-content\/uploads\/2022\/01\/Zapisnik-13-redne-seje-KSZ-7-12-2021.pdf\">Zapisnik 13. redne seje K\u0160Z FNM<\/a> &#8211; 7. 12. 2021<\/span><br \/><span style=\"font-size: 12pt;\"><a href=\"https:\/\/www.fnm.um.si\/wp-content\/uploads\/2021\/11\/Zapisnik-12-redne-seje-KSZ-FNM-UM-27-10-2021.pdf\">Zapisnik 12. redne seje K\u0160Z FNM<\/a> &#8211; 27. 10. 2021<\/span><br \/><span style=\"font-size: 12pt;\"><a href=\"https:\/\/www.fnm.um.si\/wp-content\/uploads\/2021\/10\/Zapisnik-11-redne-seje-KSZ-FNM-UM-23-9-2021.pdf\">Zapisnik 11. redne seje K\u0160Z FNM<\/a> &#8211; 23. 9. 2021<\/span><br \/><span style=\"font-size: 12pt;\"><a href=\"https:\/\/www.fnm.um.si\/wp-content\/uploads\/2021\/10\/Zapisnik-10-redne-seje-KSZ-14-9-2021.pdf\">Zapisnik 10. redne seje K\u0160Z FNM<\/a> &#8211; 14. 9. 2021<\/span><br \/><span style=\"font-size: 12pt;\"><a href=\"https:\/\/www.fnm.um.si\/wp-content\/uploads\/2021\/09\/Zapisnik-9-redne-seje-KSZ-6-9-2021.pdf\">Zapisnik 9. redne seje K\u0160Z FNM<\/a> &#8211; 6. 9. 2021<\/span><br \/><span style=\"font-size: 12pt;\"><a href=\"https:\/\/www.fnm.um.si\/wp-content\/uploads\/2021\/09\/Izpis-sklepov-9-redne-seje-KSZ-6-9-2021.pdf\">Izpis sklepov 9. redne seje K\u0160Z FNM<\/a> &#8211; 6. 9. 2021<\/span><br \/><span style=\"font-size: 12pt;\"><a href=\"https:\/\/www.fnm.um.si\/wp-content\/uploads\/2021\/09\/Zapisnik-4-izredne-KSZ-FNM-UM-23-6-2021SS.pdf\">Zapisnik 4. izredne seje K\u0160Z FNM<\/a> &#8211; 23. 6. 2021<\/span><br \/><span style=\"font-size: 12pt;\"><a href=\"https:\/\/www.fnm.um.si\/wp-content\/uploads\/2021\/06\/Zapisnik-8-redne-KSZ-FNM-UM-25-5-2021.pdf\">Zapisnik 8. redne seje K\u0160Z FNM<\/a> &#8211; 25. 5. 2021<\/span><br \/><span style=\"font-size: 12pt;\"><a href=\"https:\/\/www.fnm.um.si\/wp-content\/uploads\/2021\/05\/Zapisnik-7-redne-KSZ-FNM-UM-23-3-2021.pdf\">Zapisnik 7. redne seje K\u0160Z FNM<\/a> &#8211; 23. 3. 2021<\/span><br \/><span style=\"font-size: 12pt;\"><a href=\"https:\/\/www.fnm.um.si\/wp-content\/uploads\/2021\/03\/Zapisnik-4-pisne-seje-23-2-2021.pdf\">Zapisnik 4. pisne seje K\u0160Z FNM<\/a> &#8211; 23. do 25. 2. 2021<\/span><br \/><span style=\"font-size: 12pt;\"><a href=\"https:\/\/www.fnm.um.si\/wp-content\/uploads\/2021\/02\/Zapisnik-6-redne-KSZ-FNM-UM-19-1-2021.pdf\">Zapisnik 6. redne seje K\u0160Z FNM<\/a> &#8211; 19. 1. 2021<\/span><br \/><span style=\"font-size: 12pt;\"><a href=\"https:\/\/www.fnm.um.si\/wp-content\/uploads\/2021\/01\/Zapisnik-3-pisne-seje-KSZ-11-1-2021.pdf\">Zapisnik 3. pisne seje K\u0160Z FNM<\/a> &#8211; 11. do 12. 1. 2021<\/span><br \/><span style=\"font-size: 12pt;\"><a href=\"https:\/\/www.fnm.um.si\/wp-content\/uploads\/2021\/01\/Zapisnik-3-izredne-seje-KSZ-FNM-UM-17-12-2020-V2.pdf\">Zapisnik 3. izredne seje K\u0160Z FNM<\/a>\u00a0&#8211; 17. 12. 2020<\/span><br \/><span style=\"font-size: 12pt;\"><a href=\"https:\/\/www.fnm.um.si\/wp-content\/uploads\/2020\/12\/Zapisnik-5-redne-seje-KSZ-FNM-UM-29-10-2020v3.pdf\">Zapisnik 5. redne seje K\u0160Z FNM<\/a>\u00a0&#8211; 29. 10. 2020<\/span><br \/><span style=\"font-size: 12pt;\"><a href=\"https:\/\/www.fnm.um.si\/wp-content\/uploads\/2020\/10\/Zapisnik-2-pisne-seje-KSZ-FNM-28-9-2020.pdf\">Zapisnik 2.pisne seje K\u0160Z FNM<\/a>\u00a0&#8211; 28 do 29. 9. 2020<\/span><br \/><span style=\"font-size: 12pt;\"><a href=\"https:\/\/www.fnm.um.si\/wp-content\/uploads\/2020\/10\/Zapisnik-4-redne-seje-KSZ-FNM-UM-24-9-2020.pdf\">Zapisnik 4. redne seje K\u0160Z FNM<\/a>\u00a0&#8211; 24. 9. 2020<\/span><br \/><span style=\"font-size: 12pt;\"><a href=\"https:\/\/www.fnm.um.si\/wp-content\/uploads\/2020\/10\/Zapisnik-3-redne-seje-KSZ-15-9-2020.pdf\">Zapisnik 3. redne seje K\u0160Z FNM<\/a>\u00a0&#8211; 15. 9. 2020<\/span><br \/><span style=\"font-size: 12pt;\"><a href=\"https:\/\/www.fnm.um.si\/wp-content\/uploads\/2020\/09\/Zapisnik-2-redne-seje-KSZ-3-9-2020.pdf\">Zapisnik 2. redne seje K\u0160Z FNM<\/a>\u00a0&#8211; 3. 9. 2020\u00a0\u00a0<span style=\"color: #ff0000;\"><strong><br \/><\/strong><\/span><a href=\"https:\/\/www.fnm.um.si\/wp-content\/uploads\/2020\/09\/Zapisnik-2-izredne-seje-2-7-2020.pdf\">Zapisnik 2. izredne seje K\u0160Z FNM<\/a>\u00a0&#8211; 2. 7. 2020<\/span><br \/><span style=\"font-size: 12pt;\"><a href=\"https:\/\/www.fnm.um.si\/wp-content\/uploads\/2020\/06\/Zapisnik-1-izredne-seje-KSZ-FNM-22-6-2020.pdf\">Zapisnik 1. izredne seje K\u0160Z FNM<\/a>\u00a0&#8211; 22. 6. 2020<\/span><br \/><span style=\"font-size: 12pt;\"><a href=\"https:\/\/www.fnm.um.si\/wp-content\/uploads\/2020\/03\/Zapisnik-1-pisne-seje-KSZ-FNM-23-2-2020.pdf\">Zapisnik 1.pisne seje K\u0160Z FNM<\/a>\u00a0&#8211; 23. 2. 2020<\/span><br \/><span style=\"font-size: 12pt;\"><a href=\"https:\/\/www.fnm.um.si\/wp-content\/uploads\/2020\/03\/Zapisnik-konstitutivne-seje-KSZ-FNM-UM-20-2-2020.pdf\">Zapisnik konstitutivne seje K\u0160Z FNM<\/a>\u00a0&#8211; 20. 2. 2020<\/span><br \/><span style=\"font-size: 12pt;\"><a href=\"https:\/\/www.fnm.um.si\/wp-content\/uploads\/2020\/01\/Zapisnik-8-redne-seje-KSZ-21-1-2020.pdf\">Zapisnik 8. redne seje K\u0160Z FNM<\/a>\u00a0&#8211; 21. 1. 2020<\/span><br \/><span style=\"font-size: 12pt;\"><a href=\"https:\/\/www.fnm.um.si\/wp-content\/uploads\/2019\/12\/Zapisnik-5-izredne-seje-KSZ-FNM-UM-19-12-2019.pdf\">Zapisnik 5. izredne seje K\u0160Z FNM<\/a>\u00a0&#8211; 19. 12. 2019<\/span><br \/><span style=\"font-size: 12pt;\"><a href=\"https:\/\/www.fnm.um.si\/wp-content\/uploads\/2019\/12\/Zapisnik-4-izredne-seje-KSZ-FNM-UM-2-12-2019.pdf\">Zapisnik 4. izredne seje K\u0160Z FNM<\/a>\u00a0&#8211; 2. 12. 2019<\/span><br \/><span style=\"font-size: 12pt;\"><a href=\"https:\/\/www.fnm.um.si\/wp-content\/uploads\/2019\/10\/Zapisnik-7-redne-seje-KSZ-FNM-UM-22-10-2019.pdf\">Zapisnik 7. redne seje K\u0160Z FNM<\/a>\u00a0&#8211; 22. 10. 2019<\/span><\/p>\n<p><span style=\"font-size: 12pt;\"><a href=\"https:\/\/www.fnm.um.si\/index.php\/2019\/02\/28\/zapisniki-ksz-2015-2018\/\"><strong>Zapisniki K\u0160Z 2015<\/strong><strong>\u00a0&#8211; 2019<\/strong><\/a><\/span><\/p>\n<p><span style=\"font-size: 12pt;\"><a href=\"https:\/\/www.fnm.um.si\/index.php\/2016\/01\/22\/zapisniki-kz-2007-2014\/\" target=\"_blank\" rel=\"noopener\"><strong>Zapisniki K\u0160Z 2007<\/strong><strong> &#8211; 2014<\/strong><\/a><\/span><\/p>\n<p>&nbsp;<\/p>\n<p>[\/et_pb_text][\/et_pb_column_inner][\/et_pb_row_inner][\/et_pb_column][et_pb_column type=&#8221;1_4&#8243; _builder_version=&#8221;4.16&#8243; custom_padding=&#8221;|||&#8221; global_colors_info=&#8221;{}&#8221; custom_padding__hover=&#8221;|||&#8221;][et_pb_sidebar area=&#8221;page-sidebar-tudij-meni&#8221; disabled_on=&#8221;off|off|off&#8221; _builder_version=&#8221;4.16&#8243; _module_preset=&#8221;default&#8221; global_colors_info=&#8221;{}&#8221;][\/et_pb_sidebar][\/et_pb_column][\/et_pb_section][et_pb_section fb_built=&#8221;1&#8243; fullwidth=&#8221;on&#8221; disabled_on=&#8221;off|off|off&#8221; admin_label=&#8221;Kompakten seznam \u0161tudijskih programov na FNM&#8221; module_class=&#8221;section_ustvarjamo_poklice_prihodnosti&#8221; _builder_version=&#8221;4.5.3&#8243; _module_preset=&#8221;default&#8221; background_color=&#8221;#006a8e&#8221; global_module=&#8221;41393&#8243; saved_tabs=&#8221;all&#8221; locked=&#8221;off&#8221; global_colors_info=&#8221;{}&#8221;][et_pb_fullwidth_code disabled_on=&#8221;off|off|off&#8221; admin_label=&#8221;Moja UM na FNM&#8221; _builder_version=&#8221;4.16&#8243; _module_preset=&#8221;default&#8221; global_colors_info=&#8221;{}&#8221;]<\/p>\n<div class=\"et_pb_row et_pb_row_0\" style=\"background: #006a8e;\"><!-- [et_pb_line_break_holder] --><!-- [et_pb_line_break_holder] --><!-- [et_pb_line_break_holder] --><!-- [et_pb_line_break_holder] --><!-- [et_pb_line_break_holder] --><!-- [et_pb_line_break_holder] --><!-- [et_pb_line_break_holder] --><!-- [et_pb_line_break_holder] --><!-- [et_pb_line_break_holder] --><!-- [et_pb_line_break_holder] --><!-- [et_pb_line_break_holder] --><!-- [et_pb_line_break_holder] --><!-- [et_pb_line_break_holder] --><!-- [et_pb_line_break_holder] --><!-- [et_pb_line_break_holder] --><!-- [et_pb_line_break_holder] --><\/p>\n<div class=\"et_pb_column et_pb_column_4_4 et_pb_column_0 et_pb_css_mix_blend_mode_passthrough et-last-child\" style=\"display: flex; justify-content: center;\"><!-- [et_pb_line_break_holder] --><!-- [et_pb_line_break_holder] --><!-- [et_pb_line_break_holder] --><!-- [et_pb_line_break_holder] --><!-- [et_pb_line_break_holder] --><!-- [et_pb_line_break_holder] --><!-- [et_pb_line_break_holder] --><!-- [et_pb_line_break_holder] --><!-- [et_pb_line_break_holder] --><!-- [et_pb_line_break_holder] --><!-- [et_pb_line_break_holder] --><!-- [et_pb_line_break_holder] --><!-- [et_pb_line_break_holder] --><!-- [et_pb_line_break_holder] --><!-- [et_pb_line_break_holder] --><!-- [et_pb_line_break_holder] --><\/p>\n<div class=\"et_pb_module et_pb_text et_pb_text_0 et_pb_text_align_left et_pb_bg_layout_light\" style=\"display: flex; justify-content: center; align-content: center;\"><!-- [et_pb_line_break_holder] --><!-- [et_pb_line_break_holder] --><!-- [et_pb_line_break_holder] --><!-- [et_pb_line_break_holder] --><!-- [et_pb_line_break_holder] --><!-- [et_pb_line_break_holder] --><!-- [et_pb_line_break_holder] --><!-- [et_pb_line_break_holder] --><!-- [et_pb_line_break_holder] --><!-- [et_pb_line_break_holder] --><!-- [et_pb_line_break_holder] --><!-- [et_pb_line_break_holder] --><!-- [et_pb_line_break_holder] --><!-- [et_pb_line_break_holder] --><!-- [et_pb_line_break_holder] --><!-- [et_pb_line_break_holder] --><\/p>\n<div class=\"et_pb_text_inner ustvarjamo-poklice-prihodnosti-text-container\"><!-- [et_pb_line_break_holder] --> <span class=\"ustvarjamo-poklice-prihodnosti-text\"><!-- [et_pb_line_break_holder] --> Moja um na fnm<!-- [et_pb_line_break_holder] --> <\/span><!-- [et_pb_line_break_holder] --><\/div>\n<p><!-- [et_pb_line_break_holder] --><!-- [et_pb_line_break_holder] --><!-- [et_pb_line_break_holder] --><!-- [et_pb_line_break_holder] --><!-- [et_pb_line_break_holder] --><!-- [et_pb_line_break_holder] --><!-- [et_pb_line_break_holder] --><!-- [et_pb_line_break_holder] --><!-- [et_pb_line_break_holder] --><!-- [et_pb_line_break_holder] --><!-- [et_pb_line_break_holder] --><!-- [et_pb_line_break_holder] --><!-- [et_pb_line_break_holder] --><!-- [et_pb_line_break_holder] --><!-- [et_pb_line_break_holder] --><!-- [et_pb_line_break_holder] --><\/div>\n<p><!-- [et_pb_line_break_holder] --><!-- [et_pb_line_break_holder] --><!-- [et_pb_line_break_holder] --><!-- [et_pb_line_break_holder] --><!-- [et_pb_line_break_holder] --><!-- [et_pb_line_break_holder] --><!-- [et_pb_line_break_holder] --><!-- [et_pb_line_break_holder] --><!-- [et_pb_line_break_holder] --><!-- [et_pb_line_break_holder] --><!-- [et_pb_line_break_holder] --><!-- [et_pb_line_break_holder] --><!-- [et_pb_line_break_holder] --><!-- [et_pb_line_break_holder] --><!-- [et_pb_line_break_holder] --><!-- [et_pb_line_break_holder] --><\/div>\n<p><!-- [et_pb_line_break_holder] --><!-- [et_pb_line_break_holder] --><!-- [et_pb_line_break_holder] --><!-- [et_pb_line_break_holder] --><!-- [et_pb_line_break_holder] --><!-- [et_pb_line_break_holder] --><!-- [et_pb_line_break_holder] --><!-- [et_pb_line_break_holder] --><!-- [et_pb_line_break_holder] --><!-- [et_pb_line_break_holder] --><!-- [et_pb_line_break_holder] --><!-- [et_pb_line_break_holder] --><!-- [et_pb_line_break_holder] --><!-- [et_pb_line_break_holder] --><!-- [et_pb_line_break_holder] --><!-- [et_pb_line_break_holder] --><\/div>\n<p><!-- [et_pb_line_break_holder] --><!-- [et_pb_line_break_holder] --><!-- [et_pb_line_break_holder] --><!-- [et_pb_line_break_holder] --><!-- [et_pb_line_break_holder] --><!-- [et_pb_line_break_holder] --><!-- [et_pb_line_break_holder] -->[\/et_pb_fullwidth_code][\/et_pb_section][et_pb_section fb_built=&#8221;1&#8243; disabled_on=&#8221;off|off|off&#8221; _builder_version=&#8221;4.5.3&#8243; _module_preset=&#8221;default&#8221; background_color=&#8221;#006a8e&#8221; global_module=&#8221;41162&#8243; saved_tabs=&#8221;all&#8221; locked=&#8221;off&#8221; collapsed=&#8221;off&#8221; global_colors_info=&#8221;{}&#8221;][et_pb_row column_structure=&#8221;1_4,1_4,1_4,1_4&#8243; make_equal=&#8221;on&#8221; admin_label=&#8221;Meni spodaj&#8221; _builder_version=&#8221;4.16&#8243; background_color=&#8221;rgba(0,0,0,0)&#8221; background_size=&#8221;initial&#8221; background_position=&#8221;top_left&#8221; background_repeat=&#8221;repeat&#8221; width=&#8221;100%&#8221; custom_margin=&#8221;20px|||&#8221; custom_padding=&#8221;0px|0px|0px|0px&#8221; collapsed=&#8221;off&#8221; global_colors_info=&#8221;{}&#8221;][et_pb_column type=&#8221;1_4&#8243; _builder_version=&#8221;4.16&#8243; custom_padding=&#8221;|||&#8221; global_colors_info=&#8221;{}&#8221; custom_padding__hover=&#8221;|||&#8221;][et_pb_blurb title=&#8221;DODIPLOMSKI<br \/>\n\u0161tudijski programi&#8221; icon_placement=&#8221;left&#8221; admin_label=&#8221;\u0160P 1. stopnje&#8221; _builder_version=&#8221;4.16&#8243; header_font=&#8221;|on|||&#8221; header_text_align=&#8221;left&#8221; header_text_color=&#8221;#ffffff&#8221; max_width_tablet=&#8221;50px&#8221; global_colors_info=&#8221;{}&#8221;]<\/p>\n<ul>\n<li><span style=\"color: #ffffff;\">&#8211; <a style=\"color: #ffffff;\" href=\"https:\/\/moja.um.si\/studijski-programi\/Strani\/studijskiprogram.aspx?jezik=S&amp;deli=N&amp;program=0000369\" target=\"_blank\" rel=\"noopener\">Biologija<\/a><\/span><\/li>\n<li><span style=\"color: #ffffff;\">&#8211; <a style=\"color: #ffffff;\" href=\"https:\/\/moja.um.si\/studijski-programi\/Strani\/studijskiprogram.aspx?jezik=S&amp;deli=N&amp;program=0000613\" target=\"_blank\" rel=\"noopener\">Ekologija z naravovarstvom<\/a><\/span><\/li>\n<li><span style=\"color: #ffffff;\">&#8211; <a style=\"color: #ffffff;\" href=\"https:\/\/moja.um.si\/studijski-programi\/Strani\/studijskiprogram.aspx?jezik=S&amp;deli=N&amp;program=0000361\" target=\"_blank\" rel=\"noopener\">Fizika<\/a><\/span><\/li>\n<li><span style=\"color: #ffffff;\"><a style=\"color: #ffffff;\" href=\"https:\/\/moja.um.si\/studijski-programi\/Strani\/studijskiprogram.aspx?jezik=S&amp;deli=N&amp;program=0000385\" target=\"_blank\" rel=\"noopener\">&#8211; Matematika<\/a><\/span><\/li>\n<\/ul>\n<p>[\/et_pb_blurb][\/et_pb_column][et_pb_column type=&#8221;1_4&#8243; _builder_version=&#8221;4.16&#8243; custom_padding=&#8221;|||&#8221; global_colors_info=&#8221;{}&#8221; custom_padding__hover=&#8221;|||&#8221;][et_pb_blurb title=&#8221;ENOVITI MAGISTRSKI<br \/>\n\u0161tudijski program&#8221; icon_placement=&#8221;left&#8221; admin_label=&#8221;Predmetni u\u010ditelj&#8221; _builder_version=&#8221;4.27.4&#8243; header_font=&#8221;|on|||&#8221; header_text_align=&#8221;left&#8221; header_text_color=&#8221;#ffffff&#8221; max_width_tablet=&#8221;50px&#8221; global_colors_info=&#8221;{}&#8221;]<\/p>\n<ul>\n<li data-leveltext=\"-\" data-font=\"Calibri\" data-listid=\"1\" aria-setsize=\"-1\" data-aria-posinset=\"1\" data-aria-level=\"1\"><span style=\"color: #ffffff;\"><a style=\"color: #ffffff;\" href=\"https:\/\/moja.um.si\/studijski-programi\/Strani\/studijskiprogram.aspx?jezik=S&amp;deli=D&amp;program=0026615\" target=\"_blank\" rel=\"noopener\">Predmetni u\u010ditelj s smermi:<\/a><\/span><\/li>\n<li data-leveltext=\"-\" data-font=\"Calibri\" data-listid=\"1\" aria-setsize=\"-1\" data-aria-posinset=\"1\" data-aria-level=\"1\"><span style=\"color: #ffffff;\">&#8211; <a style=\"color: #ffffff;\" href=\"https:\/\/moja.um.si\/studijski-programi\/Strani\/studijskiprogram.aspx?jezik=S&amp;deli=D&amp;program=0026615\" target=\"_blank\" rel=\"noopener\">Izobra\u017eevalna biologija<\/a><\/span><\/li>\n<li data-leveltext=\"-\" data-font=\"Calibri\" data-listid=\"1\" aria-setsize=\"-1\" data-aria-posinset=\"1\" data-aria-level=\"1\"><span style=\"color: #ffffff;\">&#8211; <a style=\"color: #ffffff;\" href=\"https:\/\/moja.um.si\/studijski-programi\/Strani\/studijskiprogram.aspx?jezik=S&amp;deli=D&amp;program=0026615\" target=\"_blank\" rel=\"noopener\">Izobra\u017eevalna fizika<\/a><\/span><\/li>\n<li data-leveltext=\"-\" data-font=\"Calibri\" data-listid=\"1\" aria-setsize=\"-1\" data-aria-posinset=\"1\" data-aria-level=\"1\"><span style=\"color: #ffffff;\">&#8211; <a style=\"color: #ffffff;\" href=\"https:\/\/moja.um.si\/studijski-programi\/Strani\/studijskiprogram.aspx?jezik=S&amp;deli=D&amp;program=0026615\" target=\"_blank\" rel=\"noopener\">Izobra\u017eevalna kemija<\/a><\/span><\/li>\n<li data-leveltext=\"-\" data-font=\"Calibri\" data-listid=\"1\" aria-setsize=\"-1\" data-aria-posinset=\"1\" data-aria-level=\"1\"><span style=\"color: #ffffff;\">&#8211; <a style=\"color: #ffffff;\" href=\"https:\/\/moja.um.si\/studijski-programi\/Strani\/studijskiprogram.aspx?jezik=S&amp;deli=D&amp;program=0026615\" target=\"_blank\" rel=\"noopener\">Izobra\u017eevalna matematika<\/a><\/span><\/li>\n<li data-leveltext=\"-\" data-font=\"Calibri\" data-listid=\"1\" aria-setsize=\"-1\" data-aria-posinset=\"1\" data-aria-level=\"1\"><span style=\"color: #ffffff;\">&#8211; <a style=\"color: #ffffff;\" href=\"https:\/\/moja.um.si\/studijski-programi\/Strani\/studijskiprogram.aspx?jezik=S&amp;deli=D&amp;program=0026615\" target=\"_blank\" rel=\"noopener\">Izobra\u017eevalno ra\u010dunalni\u0161tvo<\/a><\/span><\/li>\n<li data-leveltext=\"-\" data-font=\"Calibri\" data-listid=\"1\" aria-setsize=\"-1\" data-aria-posinset=\"1\" data-aria-level=\"1\"><span style=\"color: #ffffff;\">&#8211; <a style=\"color: #ffffff;\" href=\"https:\/\/moja.um.si\/studijski-programi\/Strani\/studijskiprogram.aspx?jezik=S&amp;deli=D&amp;program=0026615\" target=\"_blank\" rel=\"noopener\">Izobra\u017eevalna tehnika<\/a><\/span><\/li>\n<\/ul>\n<p>[\/et_pb_blurb][\/et_pb_column][et_pb_column type=&#8221;1_4&#8243; _builder_version=&#8221;4.16&#8243; custom_padding=&#8221;|||&#8221; global_colors_info=&#8221;{}&#8221; custom_padding__hover=&#8221;|||&#8221;][et_pb_blurb title=&#8221;MAGISTRSKI<br \/>\n\u0161tudijski programi&#8221; icon_placement=&#8221;left&#8221; admin_label=&#8221;\u0160P 2. stopnje&#8221; _builder_version=&#8221;4.16&#8243; header_font=&#8221;|on|||&#8221; header_text_align=&#8221;left&#8221; header_text_color=&#8221;#ffffff&#8221; max_width_tablet=&#8221;50px&#8221; locked=&#8221;off&#8221; global_colors_info=&#8221;{}&#8221;]<\/p>\n<ul>\n<li data-leveltext=\"-\" data-font=\"Calibri\" data-listid=\"1\" aria-setsize=\"-1\" data-aria-posinset=\"1\" data-aria-level=\"1\"><span style=\"color: #ffffff;\"><a style=\"color: #ffffff;\" href=\"https:\/\/moja.um.si\/studijski-programi\/Strani\/studijskiprogram.aspx?jezik=S&amp;deli=N&amp;program=0000364\" target=\"_blank\" rel=\"noopener\">&#8211; Biologija in ekologija z naravovarstvom<\/a><\/span><\/li>\n<li data-leveltext=\"-\" data-font=\"Calibri\" data-listid=\"1\" aria-setsize=\"-1\" data-aria-posinset=\"1\" data-aria-level=\"1\"><span style=\"color: #ffffff;\"><a style=\"color: #ffffff;\" href=\"https:\/\/moja.um.si\/studijski-programi\/Strani\/studijskiprogram.aspx?jezik=S&amp;deli=N&amp;program=0000362\" target=\"_blank\" rel=\"noopener\">&#8211; Fizika<\/a><\/span><\/li>\n<li data-leveltext=\"-\" data-font=\"Calibri\" data-listid=\"1\" aria-setsize=\"-1\" data-aria-posinset=\"1\" data-aria-level=\"1\"><span style=\"color: #ffffff;\"><a style=\"color: #ffffff;\" href=\"https:\/\/moja.um.si\/studijski-programi\/Strani\/studijskiprogram.aspx?jezik=S&amp;deli=N&amp;program=0000363\" target=\"_blank\" rel=\"noopener\">&#8211; Matematika<\/a><\/span><\/li>\n<li data-leveltext=\"-\" data-font=\"Calibri\" data-listid=\"1\" aria-setsize=\"-1\" data-aria-posinset=\"1\" data-aria-level=\"1\"><span style=\"color: #ffffff;\"><a style=\"color: #ffffff;\" href=\"https:\/\/moja.um.si\/studijski-programi\/Strani\/studijskiprogram.aspx?jezik=S&amp;deli=N&amp;program=0000383\" target=\"_blank\" rel=\"noopener\">&#8211; Izobra\u017eevalna matematika<\/a><\/span><\/li>\n<li data-leveltext=\"-\" data-font=\"Calibri\" data-listid=\"1\" aria-setsize=\"-1\" data-aria-posinset=\"1\" data-aria-level=\"1\"><span style=\"color: #ffffff;\"><a style=\"color: #ffffff;\" href=\"https:\/\/moja.um.si\/studijski-programi\/Strani\/studijskiprogram.aspx?jezik=S&amp;deli=N&amp;program=0000377\" target=\"_blank\" rel=\"noopener\">&#8211; Izobra\u017eevalna tehnika<\/a><\/span><\/li>\n<\/ul>\n<p>[\/et_pb_blurb][\/et_pb_column][et_pb_column type=&#8221;1_4&#8243; _builder_version=&#8221;4.16&#8243; custom_padding=&#8221;|||&#8221; global_colors_info=&#8221;{}&#8221; custom_padding__hover=&#8221;|||&#8221;][et_pb_blurb title=&#8221;\u0160tudijski programi<br \/>\nDOKTORSKE \u0160OLE&#8221; icon_placement=&#8221;left&#8221; admin_label=&#8221;Doktorska \u0161ola&#8221; _builder_version=&#8221;4.16&#8243; header_font=&#8221;|on|||&#8221; header_text_align=&#8221;left&#8221; header_text_color=&#8221;#ffffff&#8221; global_colors_info=&#8221;{}&#8221;]<\/p>\n<ul>\n<li><span style=\"color: #ffffff;\">&#8211; <a style=\"color: #ffffff;\" href=\"https:\/\/moja.um.si\/studijski-programi\/Strani\/studijskiprogram.aspx?jezik=S&amp;deli=N&amp;program=0000373\" target=\"_blank\" rel=\"noopener\">Ekolo\u0161ke znanosti<\/a><\/span><\/li>\n<li><span style=\"color: #ffffff;\">&#8211; <a style=\"color: #ffffff;\" href=\"https:\/\/moja.um.si\/studijski-programi\/Strani\/studijskiprogram.aspx?jezik=S&amp;deli=N&amp;program=0000611\" target=\"_blank\" rel=\"noopener\">Fizika<\/a><\/span><\/li>\n<li><span style=\"color: #ffffff;\">&#8211; <a style=\"color: #ffffff;\" href=\"https:\/\/moja.um.si\/studijski-programi\/Strani\/studijskiprogram.aspx?jezik=S&amp;deli=N&amp;program=0000371\" target=\"_blank\" rel=\"noopener\">Matematika<\/a><\/span><\/li>\n<li><span style=\"color: #ffffff;\">&#8211; <a style=\"color: #ffffff;\" href=\"https:\/\/moja.um.si\/studijski-programi\/Strani\/studijskiprogram.aspx?jezik=S&amp;deli=N&amp;program=0000372\" target=\"_blank\" rel=\"noopener\">Tehnika &#8211; podro\u010dje izbobra\u017eevanja<\/a><\/span><\/li>\n<\/ul>\n<p>[\/et_pb_blurb][\/et_pb_column][\/et_pb_row][\/et_pb_section][et_pb_section fb_built=&#8221;1&#8243; disabled_on=&#8221;off|off|off&#8221; module_class=&#8221;section-na-fnm&#8221; _builder_version=&#8221;4.5.3&#8243; _module_preset=&#8221;default&#8221; background_color=&#8221;#e2e5e7&#8243; global_module=&#8221;41160&#8243; saved_tabs=&#8221;all&#8221; global_colors_info=&#8221;{}&#8221;][et_pb_row column_structure=&#8221;1_4,1_4,1_4,1_4&#8243; disabled_on=&#8221;off|off|off&#8221; _builder_version=&#8221;4.16&#8243; _module_preset=&#8221;default&#8221; custom_css_main_element=&#8221;display: flex;||justify-content: space-between;&#8221; global_colors_info=&#8221;{}&#8221;][et_pb_column type=&#8221;1_4&#8243; module_class=&#8221;column-na-fnm&#8221; _builder_version=&#8221;4.16&#8243; _module_preset=&#8221;default&#8221; global_colors_info=&#8221;{}&#8221;][et_pb_blurb title=&#8221;\u0160tudent za en dan&#8221; alt=&#8221;\u0160tudent za en dan&#8221; disabled_on=&#8221;off|off|off&#8221; admin_label=&#8221;\u0160tudent za en dan&#8221; _builder_version=&#8221;4.16&#8243; _module_preset=&#8221;default&#8221; background_enable_color=&#8221;off&#8221; background_image=&#8221;https:\/\/www.fnm.um.si\/wp-content\/uploads\/2023\/01\/Student_za_en_dan.jpg&#8221; height=&#8221;120px&#8221; link_option_url=&#8221;https:\/\/www.fnm.um.si\/index.php\/2023\/01\/11\/student_za_en_dan\/&#8221; global_colors_info=&#8221;{}&#8221;][\/et_pb_blurb][et_pb_blurb title=&#8221;\u0160tudent za en dan&#8221; disabled_on=&#8221;on|on|on&#8221; admin_label=&#8221;\u0160tudent za en dan&#8221; _builder_version=&#8221;4.16&#8243; _module_preset=&#8221;default&#8221; background_enable_color=&#8221;off&#8221; background_image=&#8221;https:\/\/www.fnm.um.si\/wp-content\/uploads\/2021\/01\/Info-dan-2021-slider.jpg&#8221; height=&#8221;120px&#8221; link_option_url=&#8221;https:\/\/www.fnm.um.si\/index.php\/2023\/01\/11\/student_za_en_dan\/&#8221; disabled=&#8221;on&#8221; global_colors_info=&#8221;{}&#8221;][\/et_pb_blurb][et_pb_blurb title=&#8221;Bodo\u010di \u0161tudenti&#8221; disabled_on=&#8221;on|on|on&#8221; admin_label=&#8221;Bodo\u010di \u0161tudenti&#8221; _builder_version=&#8221;4.16&#8243; _module_preset=&#8221;default&#8221; background_enable_color=&#8221;off&#8221; background_image=&#8221;https:\/\/www.fnm.um.si\/wp-content\/uploads\/2021\/01\/Info-dan-2021-slider.jpg&#8221; height=&#8221;120px&#8221; link_option_url=&#8221;https:\/\/www.fnm.um.si\/index.php\/shema\/&#8221; disabled=&#8221;on&#8221; global_colors_info=&#8221;{}&#8221;][\/et_pb_blurb][et_pb_blurb title=&#8221;moja.UM&#8221; admin_label=&#8221;moja.UM&#8221; _builder_version=&#8221;4.16&#8243; _module_preset=&#8221;default&#8221; background_color=&#8221;#ffffff&#8221; background_image=&#8221;https:\/\/www.fnm.um.si\/wp-content\/uploads\/2022\/04\/Rektorat-UM1.jpg&#8221; height=&#8221;120px&#8221; link_option_url=&#8221;https:\/\/moja.um.si\/Strani\/default.aspx&#8221; global_colors_info=&#8221;{}&#8221;][\/et_pb_blurb][\/et_pb_column][et_pb_column type=&#8221;1_4&#8243; module_class=&#8221;column-na-fnm&#8221; _builder_version=&#8221;4.16&#8243; _module_preset=&#8221;default&#8221; global_colors_info=&#8221;{}&#8221;][et_pb_blurb title=&#8221;UI v pedago\u0161kem procesu&#8221; disabled_on=&#8221;off|off|off&#8221; admin_label=&#8221;UI v pedago\u0161kem procesu&#8221; _builder_version=&#8221;4.16&#8243; _module_preset=&#8221;default&#8221; background_color=&#8221;#ffffff&#8221; background_image=&#8221;https:\/\/www.fnm.um.si\/wp-content\/uploads\/2023\/05\/UI-smernice-V3.jpg&#8221; height=&#8221;120px&#8221; link_option_url=&#8221;https:\/\/www.fnm.um.si\/wp-content\/uploads\/2023\/05\/Smernice-za-uporabo-UI-v-pedagoskem-procesu.pdf&#8221; global_colors_info=&#8221;{}&#8221;][\/et_pb_blurb][et_pb_blurb title=&#8221;Bonton spletnih predavanj&#8221; disabled_on=&#8221;on|on|on&#8221; admin_label=&#8221;Bonton spletnih predavanj&#8221; _builder_version=&#8221;4.16&#8243; _module_preset=&#8221;default&#8221; background_color=&#8221;#ffffff&#8221; background_image=&#8221;https:\/\/www.fnm.um.si\/wp-content\/uploads\/2023\/05\/UI-smernice-V2.jpg&#8221; background_size=&#8221;contain&#8221; height=&#8221;120px&#8221; link_option_url=&#8221;https:\/\/www.fnm.um.si\/index.php\/bonton-spletnih-predavanj\/&#8221; disabled=&#8221;on&#8221; global_colors_info=&#8221;{}&#8221;][\/et_pb_blurb][et_pb_blurb title=&#8221;\u0160tudentski dogodki&#8221; url=&#8221;https:\/\/www.fnm.um.si\/index.php\/2022\/01\/19\/studentski-dogodki\/&#8221; disabled_on=&#8221;on|on|on&#8221; admin_label=&#8221;\u0160tudentski dogodki&#8221; _builder_version=&#8221;4.16&#8243; _module_preset=&#8221;default&#8221; header_text_align=&#8221;center&#8221; background_enable_color=&#8221;off&#8221; background_image=&#8221;https:\/\/www.fnm.um.si\/wp-content\/uploads\/2019\/07\/Opening1.jpg&#8221; height=&#8221;120px&#8221; link_option_url=&#8221;https:\/\/www.fnm.um.si\/index.php\/2022\/01\/19\/studentski-dogodki\/&#8221; disabled=&#8221;on&#8221; global_colors_info=&#8221;{}&#8221;][\/et_pb_blurb][et_pb_blurb title=&#8221;NMK&#8221; disabled_on=&#8221;on|on|on&#8221; admin_label=&#8221;NMK&#8221; _builder_version=&#8221;4.16&#8243; _module_preset=&#8221;default&#8221; background_color=&#8221;#ffffff&#8221; background_image=&#8221;https:\/\/www.fnm.um.si\/wp-content\/uploads\/2018\/10\/FNM_NMklub_velik-1.jpeg&#8221; background_size=&#8221;contain&#8221; height=&#8221;120px&#8221; disabled=&#8221;on&#8221; global_colors_info=&#8221;{}&#8221;][\/et_pb_blurb][et_pb_blurb title=&#8221;\u0160tudentska dru\u0161tva&#8221; disabled_on=&#8221;on|on|on&#8221; admin_label=&#8221;\u0160tudentska dru\u0161tva&#8221; _builder_version=&#8221;4.16&#8243; _module_preset=&#8221;default&#8221; header_text_align=&#8221;center&#8221; background_color=&#8221;#ffffff&#8221; background_image=&#8221;https:\/\/www.fnm.um.si\/wp-content\/uploads\/2018\/03\/logoDSN-300&#215;300.png&#8221; background_size=&#8221;contain&#8221; height=&#8221;120px&#8221; link_option_url=&#8221;https:\/\/drustvo-dsn.si\/&#8221; disabled=&#8221;on&#8221; global_colors_info=&#8221;{}&#8221;][\/et_pb_blurb][et_pb_blurb title=&#8221;FNM bro\u0161ure&#8221; disabled_on=&#8221;off|off|off&#8221; admin_label=&#8221;Fnm Bro\u0161ure&#8221; _builder_version=&#8221;4.16&#8243; _module_preset=&#8221;default&#8221; background_color=&#8221;#ffffff&#8221; background_image=&#8221;https:\/\/www.fnm.um.si\/wp-content\/uploads\/2023\/01\/FNM-brosura.jpg&#8221; background_size=&#8221;contain&#8221; height=&#8221;120px&#8221; link_option_url=&#8221;https:\/\/www.fnm.um.si\/index.php\/2018\/04\/23\/brosura-fnm-v-letu-2020\/&#8221; link_option_url_new_window=&#8221;on&#8221; global_colors_info=&#8221;{}&#8221;][\/et_pb_blurb][\/et_pb_column][et_pb_column type=&#8221;1_4&#8243; module_class=&#8221;column-na-fnm&#8221; _builder_version=&#8221;4.16&#8243; _module_preset=&#8221;default&#8221; global_colors_info=&#8221;{}&#8221;][et_pb_blurb title=&#8221;Alumni&#8221; admin_label=&#8221;Alumni&#8221; _builder_version=&#8221;4.16&#8243; _module_preset=&#8221;default&#8221; background_enable_color=&#8221;off&#8221; background_image=&#8221;https:\/\/www.fnm.um.si\/wp-content\/uploads\/2020\/11\/Podelitev-diplom-kapa.jpeg&#8221; height=&#8221;120px&#8221; link_option_url=&#8221;https:\/\/www.fnm.um.si\/index.php\/2021\/01\/28\/o-alumni-klub-um-in-alumni-klub-fnm\/&#8221; global_colors_info=&#8221;{}&#8221;][\/et_pb_blurb][et_pb_blurb title=&#8221;FNM Novice&#8221; disabled_on=&#8221;off|off|off&#8221; admin_label=&#8221;Fnm Novice&#8221; _builder_version=&#8221;4.16&#8243; _module_preset=&#8221;default&#8221; background_color=&#8221;#ffffff&#8221; background_image=&#8221;https:\/\/www.fnm.um.si\/wp-content\/uploads\/2017\/07\/fnm-novice-logo.jpg&#8221; background_size=&#8221;contain&#8221; height=&#8221;120px&#8221; link_option_url=&#8221;https:\/\/www.fnm.um.si\/index.php\/fakulteta-za-naravoslovje-in-matematiko\/zalonika-dejavnost\/arhiv-fnm-novic\/&#8221; link_option_url_new_window=&#8221;on&#8221; global_colors_info=&#8221;{}&#8221;][\/et_pb_blurb][\/et_pb_column][et_pb_column type=&#8221;1_4&#8243; module_class=&#8221;column-na-fnm&#8221; _builder_version=&#8221;4.16&#8243; _module_preset=&#8221;default&#8221; global_colors_info=&#8221;{}&#8221;][et_pb_blurb title=&#8221;Dianoia&#8221; admin_label=&#8221;Dianoia&#8221; _builder_version=&#8221;4.16&#8243; _module_preset=&#8221;default&#8221; background_color=&#8221;#ffffff&#8221; background_image=&#8221;https:\/\/www.fnm.um.si\/wp-content\/uploads\/2017\/04\/Dianoia-naslovnica-mala.jpg&#8221; background_size=&#8221;contain&#8221; height=&#8221;120px&#8221; link_option_url=&#8221;https:\/\/www.fnm.um.si\/index.php\/fakulteta-za-naravoslovje-in-matematiko\/zalonika-dejavnost\/revija-dianoia\/&#8221; global_colors_info=&#8221;{}&#8221;][\/et_pb_blurb][et_pb_blurb title=&#8221;FNM Novice in bro\u0161ure&#8221; disabled_on=&#8221;on|on|on&#8221; admin_label=&#8221;FnmNovice&#8221; _builder_version=&#8221;4.16&#8243; _module_preset=&#8221;default&#8221; background_color=&#8221;#ffffff&#8221; background_image=&#8221;https:\/\/www.fnm.um.si\/wp-content\/uploads\/2017\/07\/fnm-novice-logo.jpg&#8221; background_size=&#8221;contain&#8221; height=&#8221;120px&#8221; link_option_url=&#8221;https:\/\/www.fnm.um.si\/index.php\/fakulteta-za-naravoslovje-in-matematiko\/osnovni-podatki-fakultete-za-naravoslovje-in-matematiko\/fnm-novice-in-brosure\/&#8221; link_option_url_new_window=&#8221;on&#8221; disabled=&#8221;on&#8221; global_colors_info=&#8221;{}&#8221;][\/et_pb_blurb][et_pb_blurb title=&#8221;NMF&#8221; disabled_on=&#8221;on|on|on&#8221; admin_label=&#8221;NMF&#8221; _builder_version=&#8221;4.27.4&#8243; _module_preset=&#8221;default&#8221; background_color=&#8221;#ffffff&#8221; background_image=&#8221;https:\/\/www.fnm.um.si\/wp-content\/uploads\/2023\/01\/NMF-logo.jpeg&#8221; background_size=&#8221;contain&#8221; height=&#8221;120px&#8221; link_option_url=&#8221;https:\/\/www.fnm.um.si\/index.php\/2024\/02\/23\/ponovni-razpis-za-podelitev-stipendij-naravoslovno-matematicne-fundacije\/&#8221; disabled=&#8221;on&#8221; global_colors_info=&#8221;{}&#8221;][\/et_pb_blurb][et_pb_blurb title=&#8221;UM 50 let&#8221; disabled_on=&#8221;off|off|off&#8221; admin_label=&#8221;UM 50 let&#8221; _builder_version=&#8221;4.27.4&#8243; _module_preset=&#8221;default&#8221; background_color=&#8221;#ffffff&#8221; background_image=&#8221;https:\/\/www.fnm.um.si\/wp-content\/uploads\/2024\/11\/logo-50-let-um-cmyk.jpg&#8221; background_size=&#8221;custom&#8221; background_image_width=&#8221;71%&#8221; height=&#8221;120px&#8221; link_option_url=&#8221;https:\/\/www.um.si\/&#8221; global_colors_info=&#8221;{}&#8221;][\/et_pb_blurb][\/et_pb_column][\/et_pb_row][\/et_pb_section][et_pb_section fb_built=&#8221;1&#8243; disabled_on=&#8221;off|off|off&#8221; _builder_version=&#8221;4.5.3&#8243; _module_preset=&#8221;default&#8221; background_color=&#8221;#006a8e&#8221; global_module=&#8221;41158&#8243; saved_tabs=&#8221;all&#8221; collapsed=&#8221;off&#8221; global_colors_info=&#8221;{}&#8221;][et_pb_row column_structure=&#8221;1_4,1_4,1_4,1_4&#8243; make_equal=&#8221;on&#8221; admin_label=&#8221;Meni spodaj&#8221; _builder_version=&#8221;4.16&#8243; background_color=&#8221;rgba(0,0,0,0)&#8221; background_size=&#8221;initial&#8221; background_position=&#8221;top_left&#8221; background_repeat=&#8221;repeat&#8221; width=&#8221;100%&#8221; custom_margin=&#8221;20px|||&#8221; custom_padding=&#8221;0px|0px|0px|0px&#8221; collapsed=&#8221;off&#8221; global_colors_info=&#8221;{}&#8221;][et_pb_column type=&#8221;1_4&#8243; _builder_version=&#8221;4.16&#8243; custom_padding=&#8221;|||&#8221; global_colors_info=&#8221;{}&#8221; custom_padding__hover=&#8221;|||&#8221;][et_pb_blurb title=&#8221;O FNM&#8221; icon_placement=&#8221;left&#8221; admin_label=&#8221;O FNM&#8221; _builder_version=&#8221;4.16&#8243; header_font=&#8221;|on|||&#8221; header_text_color=&#8221;#ffffff&#8221; max_width_tablet=&#8221;50px&#8221; global_colors_info=&#8221;{}&#8221;]<\/p>\n<ul>\n<li><span style=\"color: #ffffff;\"><a style=\"color: #ffffff;\" href=\"https:\/\/www.fnm.um.si\/index.php\/domov-fakulteta-vodstvo\/\">Osnovni podatki <\/a><\/span><\/li>\n<li><span style=\"color: #ffffff;\"><a style=\"color: #ffffff;\" href=\"https:\/\/www.wise-tt.com\/wtt_um_fnm\/\">Urniki<\/a><\/span><\/li>\n<li><span style=\"color: #ffffff;\"><a style=\"color: #ffffff;\" href=\"https:\/\/www.fnm.um.si\/index.php\/domov-fakulteta-kje-smo\/\">Kje smo<\/a><\/span><\/li>\n<li><span style=\"color: #ffffff;\" data-contrast=\"auto\"><a style=\"color: #ffffff;\" href=\"https:\/\/www.fnm.um.si\/index.php\/domov-fakulteta-zaposleni\/\"> Seznam zaposlenih<\/a><\/span><\/li>\n<li><span style=\"color: #ffffff;\" data-contrast=\"auto\"><a style=\"color: #ffffff;\" href=\"https:\/\/ppa.um.si\/Prijava.aspx?ReturnUrl=%2f\">AIPS PPA<\/a><\/span><\/li>\n<li><span style=\"color: #ffffff;\" data-contrast=\"auto\"><a style=\"color: #ffffff;\" href=\"https:\/\/erman.fnm.um.si\/\"> Intranet &#8211; ERMan<\/a><\/span><\/li>\n<li><span style=\"color: #ffffff;\"><a style=\"color: #ffffff;\" href=\"https:\/\/outlook.office365.com\/mail\/\"> E-po\u0161ta &#8211; zaposleni<\/a><\/span><\/li>\n<\/ul>\n<p>[\/et_pb_blurb][\/et_pb_column][et_pb_column type=&#8221;1_4&#8243; _builder_version=&#8221;4.16&#8243; custom_padding=&#8221;|||&#8221; global_colors_info=&#8221;{}&#8221; custom_padding__hover=&#8221;|||&#8221;][et_pb_blurb title=&#8221;\u0160tudij na FNM&#8221; icon_placement=&#8221;left&#8221; admin_label=&#8221;\u0160tudij na FNM&#8221; _builder_version=&#8221;4.16&#8243; header_font=&#8221;|on|||&#8221; header_text_color=&#8221;#ffffff&#8221; max_width_tablet=&#8221;50px&#8221; global_colors_info=&#8221;{}&#8221;]<\/p>\n<ul>\n<li data-leveltext=\"-\" data-font=\"Calibri\" data-listid=\"1\" aria-setsize=\"-1\" data-aria-posinset=\"1\" data-aria-level=\"1\"><a href=\"https:\/\/www.fnm.um.si\/index.php\/2022\/02\/01\/informacije-za-bodoce-studente-3\/\"><span style=\"color: #ffffff;\">Za bodo\u010de \u0161tudente<\/span><\/a><\/li>\n<li data-leveltext=\"-\" data-font=\"Calibri\" data-listid=\"1\" aria-setsize=\"-1\" data-aria-posinset=\"2\" data-aria-level=\"1\"><span style=\"color: #ffffff;\" data-contrast=\"auto\"><a style=\"color: #ffffff;\" href=\"https:\/\/www.wise-tt.com\/wtt_um_fnm\/\">Urniki<\/a><\/span><\/li>\n<li data-leveltext=\"-\" data-font=\"Calibri\" data-listid=\"1\" aria-setsize=\"-1\" data-aria-posinset=\"3\" data-aria-level=\"1\"><span style=\"color: #ffffff;\"><a style=\"color: #ffffff;\" href=\"https:\/\/ff.um.si\/miklosiceva-knjiznica\/\">Knji\u017enica<\/a><\/span><\/li>\n<li data-leveltext=\"-\" data-font=\"Calibri\" data-listid=\"1\" aria-setsize=\"-1\" data-aria-posinset=\"4\" data-aria-level=\"1\"><span style=\"color: #ffffff;\"><a style=\"color: #ffffff;\" href=\"https:\/\/www.fnm.um.si\/index.php\/domov-erasmus-studenti\/\">Erasmus+ mobilnost \u0161tudentov<\/a><\/span><\/li>\n<li data-leveltext=\"-\" data-font=\"Calibri\" data-listid=\"1\" aria-setsize=\"-1\" data-aria-posinset=\"4\" data-aria-level=\"1\"><span style=\"color: #ffffff;\"><a style=\"color: #ffffff;\" href=\"https:\/\/aips.um.si\">AIPS<\/a><\/span><\/li>\n<li data-leveltext=\"-\" data-font=\"Calibri\" data-listid=\"1\" aria-setsize=\"-1\" data-aria-posinset=\"4\" data-aria-level=\"1\"><span style=\"color: #ffffff;\"><a style=\"color: #ffffff;\" href=\"https:\/\/estudij.um.si\/\">E-\u0161tudij UM<\/a><\/span><\/li>\n<li data-leveltext=\"-\" data-font=\"Calibri\" data-listid=\"1\" aria-setsize=\"-1\" data-aria-posinset=\"4\" data-aria-level=\"1\"><span style=\"color: #ffffff;\" data-contrast=\"auto\"><a style=\"color: #ffffff;\" href=\"https:\/\/outlook.office365.com\/mail\/\">E-po\u0161ta &#8211; \u0161tudenti<\/a><\/span><\/li>\n<\/ul>\n<p>[\/et_pb_blurb][\/et_pb_column][et_pb_column type=&#8221;1_4&#8243; _builder_version=&#8221;4.16&#8243; custom_padding=&#8221;|||&#8221; global_colors_info=&#8221;{}&#8221; custom_padding__hover=&#8221;|||&#8221;][et_pb_blurb title=&#8221;Raziskovanje na FNM&#8221; icon_placement=&#8221;left&#8221; admin_label=&#8221;Raziskovanje na FNM&#8221; _builder_version=&#8221;4.16&#8243; header_font=&#8221;|on|||&#8221; header_text_color=&#8221;#ffffff&#8221; max_width_tablet=&#8221;50px&#8221; locked=&#8221;off&#8221; global_colors_info=&#8221;{}&#8221;]<\/p>\n<ul>\n<li data-leveltext=\"-\" data-font=\"Calibri\" data-listid=\"1\" aria-setsize=\"-1\" data-aria-posinset=\"1\" data-aria-level=\"1\"><span style=\"color: #ffffff;\"><a style=\"color: #ffffff;\" href=\"https:\/\/www.fnm.um.si\/index.php\/domov-raziskovanje-instituti\/\">In\u0161tituti na FNM<\/a><\/span><\/li>\n<li data-leveltext=\"-\" data-font=\"Calibri\" data-listid=\"1\" aria-setsize=\"-1\" data-aria-posinset=\"2\" data-aria-level=\"1\"><a href=\"https:\/\/www.fnm.um.si\/index.php\/domov-raziskovanje-projekti\/\"><span style=\"color: #ffffff;\" data-contrast=\"auto\">Programi in projekti<\/span><\/a><\/li>\n<li data-leveltext=\"-\" data-font=\"Calibri\" data-listid=\"1\" aria-setsize=\"-1\" data-aria-posinset=\"4\" data-aria-level=\"1\"><span style=\"color: #ffffff;\"><a style=\"color: #ffffff;\" href=\"https:\/\/www.fnm.um.si\/index.php\/domov-raziskovanje-objave\/\">Izpostavljene objave<\/a>\u00a0<\/span><\/li>\n<li data-leveltext=\"-\" data-font=\"Calibri\" data-listid=\"1\" aria-setsize=\"-1\" data-aria-posinset=\"4\" data-aria-level=\"1\"><span style=\"color: #ffffff;\"><a style=\"color: #ffffff;\" href=\"https:\/\/www.fnm.um.si\/index.php\/domov-erasmus-zaposleni\/\">Erasmus+ mobilnost zaposlenih<\/a><\/span><\/li>\n<li data-leveltext=\"-\" data-font=\"Calibri\" data-listid=\"1\" aria-setsize=\"-1\" data-aria-posinset=\"4\" data-aria-level=\"1\"><span style=\"color: #ffffff;\"><a style=\"color: #ffffff;\" href=\"https:\/\/www.fnm.um.si\/index.php\/domov-raziskovanje-habilitacije\/\">Habilitacije<\/a><\/span><\/li>\n<li><a href=\"https:\/\/www.fnm.um.si\/index.php\/domov-raziskovanje-razpisi\/\"><span style=\"color: #ffffff;\" data-contrast=\"auto\">Raziskovalni razpisi<\/span><\/a><\/li>\n<li><a href=\"https:\/\/www.fnm.um.si\/index.php\/domov-raziskovanje-povezave\/\"><span style=\"color: #ffffff;\">Koristne povezave<\/span><\/a><\/li>\n<\/ul>\n<p>[\/et_pb_blurb][\/et_pb_column][et_pb_column type=&#8221;1_4&#8243; _builder_version=&#8221;4.16&#8243; custom_padding=&#8221;|||&#8221; global_colors_info=&#8221;{}&#8221; custom_padding__hover=&#8221;|||&#8221;][et_pb_blurb title=&#8221;Dejavnosti na FNM&#8221; icon_placement=&#8221;left&#8221; admin_label=&#8221;Dejavnosti na FNM&#8221; _builder_version=&#8221;4.27.4&#8243; header_font=&#8221;|on|||&#8221; header_text_color=&#8221;#ffffff&#8221; global_colors_info=&#8221;{}&#8221;]<\/p>\n<ul>\n<li><span style=\"color: #ffffff;\"><a style=\"color: #ffffff;\" href=\"https:\/\/www.fnm.um.si\/index.php\/2021\/01\/28\/o-alumni-klub-um-in-alumni-klub-fnm\/\">Alumni klub FNM<\/a><\/span><\/li>\n<li data-leveltext=\"-\" data-font=\"Calibri\" data-listid=\"1\" aria-setsize=\"-1\" data-aria-posinset=\"2\" data-aria-level=\"1\"><span style=\"color: #ffffff;\"><a style=\"color: #ffffff;\" href=\"https:\/\/www.fnm.um.si\/index.php\/domov-studij-tutorji\/\">Tutorji na FN<\/a>M<\/span><\/li>\n<li data-leveltext=\"-\" data-font=\"Calibri\" data-listid=\"1\" aria-setsize=\"-1\" data-aria-posinset=\"4\" data-aria-level=\"1\"><span style=\"color: #ffffff;\"><a style=\"color: #ffffff;\" href=\"https:\/\/www.fnm.um.si\/index.php\/domov-fakulteta-zaloznistvo\/\">Zalo\u017eni\u0161tvo<\/a>\u00a0<\/span><\/li>\n<li data-leveltext=\"-\" data-font=\"Calibri\" data-listid=\"1\" aria-setsize=\"-1\" data-aria-posinset=\"2\" data-aria-level=\"1\"><span style=\"color: #ffffff;\"><a style=\"color: #ffffff;\" href=\"https:\/\/www.fnm.um.si\/index.php\/domov-razpisi\/\">Razpisi<\/a><\/span><\/li>\n<li data-leveltext=\"-\" data-font=\"Calibri\" data-listid=\"1\" aria-setsize=\"-1\" data-aria-posinset=\"3\" data-aria-level=\"1\"><span style=\"color: #ffffff;\"><a style=\"color: #ffffff;\" href=\"https:\/\/www.fnm.um.si\/index.php\/domov-fakulteta-prosta-delovna-mesta\/\">Objave delovnih mest<\/a>\u00a0<\/span><\/li>\n<li data-leveltext=\"-\" data-font=\"Calibri\" data-listid=\"1\" aria-setsize=\"-1\" data-aria-posinset=\"3\" data-aria-level=\"1\"><span style=\"color: #ffffff;\"><a style=\"color: #ffffff;\" href=\"https:\/\/www.fnm.um.si\/index.php\/domov-fakulteta-promocijska-skupina\/\">Promocijska skupina<\/a><\/span><\/li>\n<\/ul>\n<p>[\/et_pb_blurb][\/et_pb_column][\/et_pb_row][\/et_pb_section][et_pb_section fb_built=&#8221;1&#8243; disabled_on=&#8221;on|on|on&#8221; _builder_version=&#8221;4.5.3&#8243; _module_preset=&#8221;default&#8221; background_color=&#8221;#ffffff&#8221; disabled=&#8221;on&#8221; global_module=&#8221;41157&#8243; saved_tabs=&#8221;all&#8221; global_colors_info=&#8221;{}&#8221;][et_pb_row disabled_on=&#8221;off|off|off&#8221; admin_label=&#8221;Logo carousel&#8221; _builder_version=&#8221;4.16&#8243; _module_preset=&#8221;default&#8221; background_color=&#8221;#ffffff&#8221; width=&#8221;100%&#8221; max_width=&#8221;100%&#8221; global_colors_info=&#8221;{}&#8221;][et_pb_column type=&#8221;4_4&#8243; _builder_version=&#8221;4.16&#8243; _module_preset=&#8221;default&#8221; global_colors_info=&#8221;{}&#8221;][wdcl_logo_carousel nav_pagi=&#8221;pagi&#8221; slide_count=&#8221;6&#8243; arrow_type=&#8221;alongside&#8221; arrow_pos=&#8221;bottom&#8221; arrow_icon_size=&#8221;25px&#8221; arrow_color=&#8221;#333333&#8243; arrow_bg=&#8221;#dddddd&#8221; arrow_x_center=&#8221;on&#8221; arrow_border_color=&#8221;rgba(0,0,0,0)&#8221; nav_pagi_last_edited=&#8221;off|desktop&#8221; disabled_on=&#8221;on|off|off&#8221; admin_label=&#8221;Wow Logo Carousel&#8221; _builder_version=&#8221;4.27.4&#8243; _module_preset=&#8221;default&#8221; background_color=&#8221;rgba(0,0,0,0)&#8221; custom_margin=&#8221;-49px|||||&#8221; custom_padding=&#8221;25px|||||&#8221; global_colors_info=&#8221;{}&#8221;][wdcl_logo_carousel_child admin_title=&#8221;fleksotisk logar&#8221; logo=&#8221;https:\/\/www.fnm.um.si\/wp-content\/uploads\/2024\/04\/Fleksotisk-logar-logo.jpg&#8221; is_link=&#8221;on&#8221; link_url=&#8221;https:\/\/fleksotisk-logar.si\/&#8221; link_options=&#8221;on|off&#8221; _builder_version=&#8221;4.16&#8243; _module_preset=&#8221;default&#8221; background_color=&#8221;rgba(0,0,0,0)&#8221; background_enable_color=&#8221;on&#8221; border_color_all_item=&#8221;#333333&#8243; global_colors_info=&#8221;{}&#8221;][\/wdcl_logo_carousel_child][wdcl_logo_carousel_child admin_title=&#8221;NMF&#8221; logo=&#8221;https:\/\/www.fnm.um.si\/wp-content\/uploads\/2023\/01\/NMF-logo.jpeg&#8221; is_link=&#8221;on&#8221; link_url=&#8221;https:\/\/www.fnm.um.si\/index.php\/2025\/02\/03\/razpis-za-podelitev-stipendij-naravoslovno-matematicne-fundacije\/&#8221; link_options=&#8221;on|off&#8221; _builder_version=&#8221;4.27.4&#8243; _module_preset=&#8221;default&#8221; background_color=&#8221;rgba(0,0,0,0)&#8221; background_enable_color=&#8221;on&#8221; border_color_all_item=&#8221;#333333&#8243; global_colors_info=&#8221;{}&#8221;][\/wdcl_logo_carousel_child][wdcl_logo_carousel_child admin_title=&#8221;inovup&#8221; logo=&#8221;https:\/\/www.fnm.um.si\/wp-content\/uploads\/2020\/06\/INOVUP-logo1.png&#8221; is_link=&#8221;on&#8221; link_url=&#8221;https:\/\/inovup.fnm.um.si\/&#8221; link_options=&#8221;on|off&#8221; _builder_version=&#8221;4.16&#8243; _module_preset=&#8221;default&#8221; background_color=&#8221;rgba(0,0,0,0)&#8221; background_enable_color=&#8221;on&#8221; border_color_all_item=&#8221;#333333&#8243; global_colors_info=&#8221;{}&#8221;][\/wdcl_logo_carousel_child][wdcl_logo_carousel_child admin_title=&#8221;razlagamo si&#8221; logo=&#8221;https:\/\/www.fnm.um.si\/wp-content\/uploads\/2020\/03\/logotip_razlagamo_si.png&#8221; _builder_version=&#8221;4.16&#8243; _module_preset=&#8221;default&#8221; link_option_url=&#8221;www.razlagamo.si&#8221; global_colors_info=&#8221;{}&#8221;][\/wdcl_logo_carousel_child][wdcl_logo_carousel_child admin_title=&#8221;LifeWatch&#8221; logo=&#8221;https:\/\/www.fnm.um.si\/wp-content\/uploads\/2021\/02\/LifeWatch-SI-COVER.png&#8221; is_link=&#8221;on&#8221; link_url=&#8221;https:\/\/biologija.fnm.um.si\/ri-si-lifewatch-3\/&#8221; link_options=&#8221;on|off&#8221; _builder_version=&#8221;4.16&#8243; _module_preset=&#8221;default&#8221; global_colors_info=&#8221;{}&#8221;][\/wdcl_logo_carousel_child][wdcl_logo_carousel_child admin_title=&#8221;Interreg&#8221; logo=&#8221;https:\/\/www.fnm.um.si\/wp-content\/uploads\/2019\/11\/interreg_si-hr_sl_rgb.png&#8221; is_link=&#8221;on&#8221; link_url=&#8221;https:\/\/www.fnm.um.si\/index.php\/2019\/11\/11\/projekt-kastelir-program-sodelovanja-interreg-v-a-slovenija-hrvaska\/&#8221; link_options=&#8221;on|off&#8221; _builder_version=&#8221;4.16&#8243; _module_preset=&#8221;default&#8221; global_colors_info=&#8221;{}&#8221;][\/wdcl_logo_carousel_child][wdcl_logo_carousel_child admin_title=&#8221;Podjetnost&#8221; logo=&#8221;https:\/\/www.fnm.um.si\/wp-content\/uploads\/2019\/01\/Podjetnost-FNM.jpg&#8221; is_link=&#8221;on&#8221; link_url=&#8221;https:\/\/podjetnost.fnm.um.si\/&#8221; link_options=&#8221;on|off&#8221; _builder_version=&#8221;4.16&#8243; _module_preset=&#8221;default&#8221; global_colors_info=&#8221;{}&#8221;][\/wdcl_logo_carousel_child][wdcl_logo_carousel_child admin_title=&#8221;NA-MA&#8221; logo=&#8221;https:\/\/www.fnm.um.si\/wp-content\/uploads\/2020\/05\/BannerESS_NA-MA-POTI.jpg&#8221; is_link=&#8221;on&#8221; link_url=&#8221;http:\/\/namapoti.fnm.um.si\/&#8221; link_options=&#8221;on|off&#8221; _builder_version=&#8221;4.16&#8243; _module_preset=&#8221;default&#8221; global_colors_info=&#8221;{}&#8221;][\/wdcl_logo_carousel_child][wdcl_logo_carousel_child admin_title=&#8221;OKS&#8221; logo=&#8221;https:\/\/www.fnm.um.si\/wp-content\/uploads\/2019\/04\/Sportniku_prijazno_izobrazevanje_osnovni_lezeci_rgb1.jpg&#8221; is_link=&#8221;on&#8221; link_url=&#8221;https:\/\/www.fnm.um.si\/wp-content\/uploads\/2024\/03\/Sportniku_prijazno_izobrazevanje_osnovni_pokoncni_rgb.jpg&#8221; _builder_version=&#8221;4.16&#8243; _module_preset=&#8221;default&#8221; global_colors_info=&#8221;{}&#8221;][\/wdcl_logo_carousel_child][wdcl_logo_carousel_child admin_title=&#8221;Razvoj pode\u017eelja&#8221; logo=&#8221;https:\/\/www.fnm.um.si\/wp-content\/uploads\/2020\/08\/Program-razvoja-podezelja-V2.jpg&#8221; is_link=&#8221;on&#8221; link_url=&#8221;https:\/\/www.fnm.um.si\/index.php\/2020\/08\/24\/projekt-eip-16-5-gozdni-rob\/&#8221; link_options=&#8221;on|off&#8221; _builder_version=&#8221;4.16&#8243; _module_preset=&#8221;default&#8221; global_colors_info=&#8221;{}&#8221;][\/wdcl_logo_carousel_child][wdcl_logo_carousel_child admin_title=&#8221;Ministrstvo za gozdarstvo &#8230;.&#8221; logo=&#8221;https:\/\/www.fnm.um.si\/wp-content\/uploads\/2021\/05\/logotip-MKGP.jpg&#8221; is_link=&#8221;on&#8221; link_url=&#8221;https:\/\/www.gov.si\/drzavni-organi\/ministrstva\/ministrstvo-za-gospodarski-razvoj-in-tehnologijo\/&#8221; link_options=&#8221;on|off&#8221; _builder_version=&#8221;4.27.4&#8243; _module_preset=&#8221;default&#8221; background_color=&#8221;rgba(0,0,0,0)&#8221; background_enable_color=&#8221;on&#8221; border_radii_item=&#8221;on||||&#8221; border_color_all_item=&#8221;#333333&#8243; global_colors_info=&#8221;{}&#8221;][\/wdcl_logo_carousel_child][wdcl_logo_carousel_child admin_title=&#8221;RNK&#8221; logo=&#8221;https:\/\/www.fnm.um.si\/wp-content\/uploads\/2022\/01\/logRNK.jpeg&#8221; is_link=&#8221;on&#8221; link_url=&#8221;http:\/\/kompetence.uni-mb.si\/#&#8221; link_options=&#8221;on|off&#8221; _builder_version=&#8221;4.16&#8243; _module_preset=&#8221;default&#8221; link_option_url=&#8221;http:\/\/kompetence.uni-mb.si\/#&#8221; global_colors_info=&#8221;{}&#8221;][\/wdcl_logo_carousel_child][wdcl_logo_carousel_child admin_title=&#8221;E+ Spadatas&#8221; logo=&#8221;https:\/\/www.fnm.um.si\/wp-content\/uploads\/2023\/10\/SPADATAS-logo.jpg&#8221; logo_alt=&#8221;E+ Spadatas&#8221; _builder_version=&#8221;4.16&#8243; _module_preset=&#8221;default&#8221; link_option_url=&#8221;https:\/\/www.fnm.um.si\/index.php\/erasmus-spadatas-project\/&#8221; global_colors_info=&#8221;{}&#8221;][\/wdcl_logo_carousel_child][\/wdcl_logo_carousel][wdcl_logo_carousel nav_pagi=&#8221;none&#8221; slide_count=&#8221;4&#8243; disabled_on=&#8221;off|on|on&#8221; admin_label=&#8221;Wow Logo Carousel &#8211; mobile&#8221; _builder_version=&#8221;4.27.4&#8243; _module_preset=&#8221;default&#8221; background_color=&#8221;rgba(0,0,0,0)&#8221; custom_margin=&#8221;-49px|||||&#8221; custom_padding=&#8221;25px|||||&#8221; global_colors_info=&#8221;{}&#8221;][wdcl_logo_carousel_child admin_title=&#8221;fleksotisk logar&#8221; logo=&#8221;https:\/\/www.fnm.um.si\/wp-content\/uploads\/2024\/04\/Fleksotisk-logar-logo.jpg&#8221; is_link=&#8221;on&#8221; link_url=&#8221;https:\/\/fleksotisk-logar.si\/&#8221; link_options=&#8221;on|off&#8221; _builder_version=&#8221;4.16&#8243; _module_preset=&#8221;default&#8221; global_colors_info=&#8221;{}&#8221;][\/wdcl_logo_carousel_child][wdcl_logo_carousel_child admin_title=&#8221;NMF&#8221; logo=&#8221;https:\/\/www.fnm.um.si\/wp-content\/uploads\/2023\/01\/NMF-logo.jpeg&#8221; is_link=&#8221;on&#8221; link_url=&#8221;https:\/\/www.fnm.um.si\/index.php\/2025\/02\/03\/razpis-za-podelitev-stipendij-naravoslovno-matematicne-fundacije\/&#8221; link_options=&#8221;on|off&#8221; _builder_version=&#8221;4.27.4&#8243; _module_preset=&#8221;default&#8221; global_colors_info=&#8221;{}&#8221;][\/wdcl_logo_carousel_child][wdcl_logo_carousel_child admin_title=&#8221;Inovup&#8221; logo=&#8221;https:\/\/www.fnm.um.si\/wp-content\/uploads\/2020\/06\/INOVUP-logo1.png&#8221; is_link=&#8221;on&#8221; link_url=&#8221;https:\/\/inovup.fnm.um.si\/&#8221; link_options=&#8221;on|off&#8221; _builder_version=&#8221;4.16&#8243; _module_preset=&#8221;default&#8221; global_colors_info=&#8221;{}&#8221;][\/wdcl_logo_carousel_child][wdcl_logo_carousel_child admin_title=&#8221;razlagamo si&#8221; logo=&#8221;https:\/\/www.fnm.um.si\/wp-content\/uploads\/2020\/03\/logotip_razlagamo_si.png&#8221; _builder_version=&#8221;4.16&#8243; _module_preset=&#8221;default&#8221; link_option_url=&#8221;www.razlagamo.si&#8221; global_colors_info=&#8221;{}&#8221;][\/wdcl_logo_carousel_child][wdcl_logo_carousel_child admin_title=&#8221;LifeWatch&#8221; logo=&#8221;https:\/\/www.fnm.um.si\/wp-content\/uploads\/2021\/02\/LifeWatch-SI-COVER.png&#8221; is_link=&#8221;on&#8221; link_url=&#8221;https:\/\/biologija.fnm.um.si\/ri-si-lifewatch-3\/&#8221; link_options=&#8221;on|off&#8221; _builder_version=&#8221;4.16&#8243; _module_preset=&#8221;default&#8221; global_colors_info=&#8221;{}&#8221;][\/wdcl_logo_carousel_child][wdcl_logo_carousel_child admin_title=&#8221;Interreg&#8221; logo=&#8221;https:\/\/www.fnm.um.si\/wp-content\/uploads\/2019\/11\/interreg_si-hr_sl_rgb.png&#8221; is_link=&#8221;on&#8221; link_url=&#8221;https:\/\/www.fnm.um.si\/index.php\/2019\/11\/11\/projekt-kastelir-program-sodelovanja-interreg-v-a-slovenija-hrvaska\/&#8221; link_options=&#8221;on|off&#8221; _builder_version=&#8221;4.16&#8243; _module_preset=&#8221;default&#8221; global_colors_info=&#8221;{}&#8221;][\/wdcl_logo_carousel_child][wdcl_logo_carousel_child admin_title=&#8221;Podjetnost&#8221; logo=&#8221;https:\/\/www.fnm.um.si\/wp-content\/uploads\/2019\/01\/Podjetnost-FNM.jpg&#8221; is_link=&#8221;on&#8221; link_url=&#8221;https:\/\/podjetnost.fnm.um.si\/&#8221; link_options=&#8221;on|off&#8221; _builder_version=&#8221;4.16&#8243; _module_preset=&#8221;default&#8221; global_colors_info=&#8221;{}&#8221;][\/wdcl_logo_carousel_child][wdcl_logo_carousel_child admin_title=&#8221;NA-MA&#8221; logo=&#8221;https:\/\/www.fnm.um.si\/wp-content\/uploads\/2020\/05\/BannerESS_NA-MA-POTI.jpg&#8221; is_link=&#8221;on&#8221; link_url=&#8221;http:\/\/namapoti.fnm.um.si\/&#8221; link_options=&#8221;on|off&#8221; _builder_version=&#8221;4.16&#8243; _module_preset=&#8221;default&#8221; global_colors_info=&#8221;{}&#8221;][\/wdcl_logo_carousel_child][wdcl_logo_carousel_child admin_title=&#8221;OKS&#8221; logo=&#8221;https:\/\/www.fnm.um.si\/wp-content\/uploads\/2019\/04\/Sportniku_prijazno_izobrazevanje_osnovni_lezeci_rgb1.jpg&#8221; is_link=&#8221;on&#8221; link_url=&#8221;https:\/\/www.fnm.um.si\/wp-content\/uploads\/2024\/03\/Sportniku_prijazno_izobrazevanje_osnovni_pokoncni_rgb.jpg&#8221; _builder_version=&#8221;4.16&#8243; _module_preset=&#8221;default&#8221; global_colors_info=&#8221;{}&#8221;][\/wdcl_logo_carousel_child][wdcl_logo_carousel_child admin_title=&#8221;Razvoj pode\u017eelja&#8221; logo=&#8221;https:\/\/www.fnm.um.si\/wp-content\/uploads\/2020\/08\/Program-razvoja-podezelja-V2.jpg&#8221; is_link=&#8221;on&#8221; link_url=&#8221;https:\/\/www.fnm.um.si\/index.php\/2020\/08\/24\/projekt-eip-16-5-gozdni-rob\/&#8221; link_options=&#8221;on|off&#8221; _builder_version=&#8221;4.16&#8243; _module_preset=&#8221;default&#8221; global_colors_info=&#8221;{}&#8221;][\/wdcl_logo_carousel_child][wdcl_logo_carousel_child admin_title=&#8221;Min za gozdarstvo&#8221; logo=&#8221;https:\/\/www.fnm.um.si\/wp-content\/uploads\/2021\/05\/logotip-MKGP.jpg&#8221; is_link=&#8221;on&#8221; link_url=&#8221;https:\/\/www.gov.si\/drzavni-organi\/ministrstva\/ministrstvo-za-gospodarski-razvoj-in-tehnologijo\/&#8221; link_options=&#8221;on|off&#8221; _builder_version=&#8221;4.16&#8243; _module_preset=&#8221;default&#8221; global_colors_info=&#8221;{}&#8221;][\/wdcl_logo_carousel_child][wdcl_logo_carousel_child admin_title=&#8221;RNK&#8221; logo=&#8221;https:\/\/www.fnm.um.si\/wp-content\/uploads\/2022\/01\/logRNK.jpeg&#8221; is_link=&#8221;on&#8221; link_url=&#8221;http:\/\/kompetence.uni-mb.si\/#&#8221; link_options=&#8221;on|off&#8221; _builder_version=&#8221;4.16&#8243; _module_preset=&#8221;default&#8221; link_option_url=&#8221;http:\/\/kompetence.uni-mb.si\/#&#8221; global_colors_info=&#8221;{}&#8221;][\/wdcl_logo_carousel_child][\/wdcl_logo_carousel][\/et_pb_column][\/et_pb_row][\/et_pb_section]<\/p>\n","protected":false},"excerpt":{"rendered":"<p>Kontakti: Prodekanza \u0161tudijsko dejavnost:Marko Jakovac prodekan.fnm-izo@um.si 02 22 93 876 Referat za \u0161tudentske zadeve referat.fnm@um.si Vodja:Cecilija Lopari\u010d Hercog cecilija.loparic@um.si 02 2293 879 Aleksandra Cingerli aleksandra.cingerli@um.si 02 2293 779 Nina Tratnik nina.tratnik1@um.si 02 2293 729 Uradne ure &#8211; v prostoru referata \u0161tev. 0\/40 &#8211; vsak delovni dan med 9. in 11. uro. Center za vse\u017eivljenjsko u\u010denje [&hellip;]<\/p>\n","protected":false},"author":1,"featured_media":0,"parent":0,"menu_order":0,"comment_status":"closed","ping_status":"closed","template":"","meta":{"_et_pb_use_builder":"on","_et_pb_old_content":"","_et_gb_content_width":"","footnotes":""},"class_list":["post-42824","page","type-page","status-publish","hentry"],"publishpress_future_workflow_manual_trigger":{"enabledWorkflows":[]},"_links":{"self":[{"href":"https:\/\/www.fnm.um.si\/index.php\/wp-json\/wp\/v2\/pages\/42824","targetHints":{"allow":["GET"]}}],"collection":[{"href":"https:\/\/www.fnm.um.si\/index.php\/wp-json\/wp\/v2\/pages"}],"about":[{"href":"https:\/\/www.fnm.um.si\/index.php\/wp-json\/wp\/v2\/types\/page"}],"author":[{"embeddable":true,"href":"https:\/\/www.fnm.um.si\/index.php\/wp-json\/wp\/v2\/users\/1"}],"replies":[{"embeddable":true,"href":"https:\/\/www.fnm.um.si\/index.php\/wp-json\/wp\/v2\/comments?post=42824"}],"version-history":[{"count":104,"href":"https:\/\/www.fnm.um.si\/index.php\/wp-json\/wp\/v2\/pages\/42824\/revisions"}],"predecessor-version":[{"id":63444,"href":"https:\/\/www.fnm.um.si\/index.php\/wp-json\/wp\/v2\/pages\/42824\/revisions\/63444"}],"wp:attachment":[{"href":"https:\/\/www.fnm.um.si\/index.php\/wp-json\/wp\/v2\/media?parent=42824"}],"curies":[{"name":"wp","href":"https:\/\/api.w.org\/{rel}","templated":true}]}}